{"id":10808,"date":"2024-10-04T10:03:08","date_gmt":"2024-10-04T10:03:08","guid":{"rendered":"https:\/\/nvas.sk\/?page_id=10808"},"modified":"2026-04-08T14:04:07","modified_gmt":"2026-04-08T14:04:07","slug":"podcast-energia-zajtrajska","status":"publish","type":"page","link":"https:\/\/nvas.sk\/en\/podcast-energia-zajtrajska\/","title":{"rendered":"Podcast\u00a0Energia zajtraj\u0161ka"},"content":{"rendered":"<div class=\"wp-block-group spotify-block-group-nvas\"><div class=\"wp-block-group__inner-container is-layout-constrained wp-block-group-is-layout-constrained\">\n<h3 class=\"wp-block-heading\"><strong>Zdie\u013eanie elektriny m\u00f4\u017ee kone\u010dne prejs\u0165 z te\u00f3rie do praxe<\/strong><\/h3>\n\n\n\n<figure class=\"wp-block-embed is-type-rich is-provider-spotify wp-block-embed-spotify\"><div class=\"wp-block-embed__wrapper\">\n<iframe title=\"Spotify Embed: Zdie\u013eanie elektriny m\u00f4\u017ee kone\u010dne prejs\u0165 z te\u00f3rie do praxe\" style=\"border-radius: 12px\" width=\"100%\" height=\"152\" frameborder=\"0\" allowfullscreen allow=\"autoplay; clipboard-write; encrypted-media; fullscreen; picture-in-picture\" loading=\"lazy\" src=\"https:\/\/open.spotify.com\/embed\/episode\/4MjW6iFq6Xrp3g8VIa26UX?utm_source=oembed\"><\/iframe>\n<\/div><figcaption class=\"wp-element-caption\">V najnov\u0161ej epiz\u00f3de podcastu Energia zajtraj\u0161ka sa rozpr\u00e1vame s\u00a0<strong>Liborom<\/strong>\u00a0<strong>L\u00e1zni\u010dkom<\/strong>\u00a0o aktu\u00e1lnych mo\u017enostiach \u00faspor na energi\u00e1ch v\u010faka zdie\u013eaniu elektriny. Vysvet\u013eujeme z\u00e1kladn\u00e9 princ\u00edpy fungovania trhu s elektrinou, \u00falohu \u00daRSO a aj postavenie OKTE ako nez\u00e1visl\u00e9ho \u201erozhodcu\u201c pri vyhodnocovan\u00ed zdie\u013eania.\u00a0<br>Zdie\u013eanie elektriny po legislat\u00edvnych zmen\u00e1ch kone\u010dne dost\u00e1va re\u00e1lny priestor na rozvoj. Rozober\u00e1me aj to, pre\u010do bol rozbeh komunitnej energetiky na Slovensku doteraz pomal\u00fd a ak\u00e9 bari\u00e9ry ho brzdili. Vysvet\u013eujeme, \u010do sa zmenilo po zru\u0161en\u00ed obmedzenia zdie\u013eania len v r\u00e1mci jedn\u00e9ho dod\u00e1vate\u013ea a pre\u010do je to z\u00e1sadn\u00fd krok vpred. Detailne sa venujeme aj novej \u00falohe tzv. organiz\u00e1tora zdie\u013eania, ktor\u00fd pom\u00e1ha komunit\u00e1m optimalizova\u0165 v\u00fdrobu, spotrebu aj ekonomiku projektov. Diskutujeme, pre\u010do je k\u013e\u00fa\u010dov\u00e1 s\u00fadobos\u0165 v\u00fdroby a spotreby. Nech\u00fdba ani poh\u013ead na praktick\u00e9 probl\u00e9my, napr\u00edklad v bytov\u00fdch domoch, kde vysok\u00e9 poplatky a invest\u00edcie do IMS spoma\u013euj\u00fa n\u00e1vratnos\u0165. Epiz\u00f3da z\u00e1rove\u0148 ukazuje, \u017ee z\u00e1ujem o zdie\u013eanie elektriny rastie a s lep\u0161\u00edmi pravidlami m\u00f4\u017ee kone\u010dne prejs\u0165 z te\u00f3rie do praxe.\u00a0<br><br><strong>Video verziu<\/strong>\u00a0podcastu si m\u00f4\u017eete pozrie\u0165\u00a0<strong><a href=\"https:\/\/youtu.be\/PYMnQ-IZAgY\">HERE<\/a><\/strong>.<\/figcaption><\/figure>\n<\/div><\/div>\n\n\n\n<div class=\"wp-block-group spotify-block-group-nvas\"><div class=\"wp-block-group__inner-container is-layout-constrained wp-block-group-is-layout-constrained\">\n<h3 class=\"wp-block-heading\"><strong>Bezpe\u010dnos\u0165 denne vyu\u017e\u00edvan\u00fdch technol\u00f3gi\u00ed pova\u017eujeme za samozrejmos\u0165. Aj v\u010faka T\u00dcV S\u00dcD Slovakia.<\/strong><\/h3>\n\n\n\n<figure class=\"wp-block-embed is-type-rich is-provider-spotify wp-block-embed-spotify\"><div class=\"wp-block-embed__wrapper\">\n<iframe title=\"Spotify Embed: Bezpe\u010dnos\u0165 denne vyu\u017e\u00edvan\u00fdch technol\u00f3gi\u00ed pova\u017eujeme za samozrejmos\u0165. Aj v\u010faka T\u00dcV S\u00dcD Slovakia.\" style=\"border-radius: 12px\" width=\"100%\" height=\"152\" frameborder=\"0\" allowfullscreen allow=\"autoplay; clipboard-write; encrypted-media; fullscreen; picture-in-picture\" loading=\"lazy\" src=\"https:\/\/open.spotify.com\/embed\/episode\/01xf6wdJASHm5ldhXpNqyr?utm_source=oembed\"><\/iframe>\n<\/div><figcaption class=\"wp-element-caption\">Podcast Energia zajtraj\u0161ka v\u00e1m tentoraz prin\u00e1\u0161a v\u00fdnimo\u010dn\u00fd vod\u00edkov\u00fd diel so z\u00e1stupcami <strong>T\u00dcV S\u00dcD Slovakia<\/strong> \u2013 <strong>Zuzanou<\/strong> <strong>\u0160olopovou<\/strong> pre oblas\u0165 priemyslu a infra\u0161trukt\u00fary a <strong>Martinom<\/strong> <strong>Tich\u00fdm<\/strong> pre mobilitu. Vysvet\u013euj\u00fa, pre\u010do je technick\u00e1 kontrola k\u013e\u00fa\u010dov\u00e1 aj tam, kde ju be\u017ene nevn\u00edmame. Poukazujeme na \u00fa\u017easn\u00fd projekt SPP &#8211; distrib\u00facie H2 Pilot v obci Blatn\u00e1 na Ostrove, kde sa testovalo primie\u0161avanie vod\u00edka do zemn\u00e9ho plynu a bezpe\u010dnos\u0165 celej siete aj dom\u00e1cich spotrebi\u010dov.<br><br>Druh\u00e1 \u010das\u0165 patr\u00ed vod\u00edkovej mobilite. Hovor\u00edme o rozdieloch medzi spa\u013eovan\u00edm vod\u00edka a palivov\u00fdmi \u010dl\u00e1nkami \u010di o tankovac\u00edch tlakoch 200 a 350 barov. Rozober\u00e1me bezpe\u010dnos\u0165 n\u00e1dr\u017e\u00ed, STK vod\u00edkov\u00fdch vozidiel aj re\u00e1lne limity infra\u0161trukt\u00fary. Epiz\u00f3da prin\u00e1\u0161a presn\u00fd, zrozumite\u013en\u00fd poh\u013ead na to, ako sa vod\u00edk z pilotn\u00fdch projektov pos\u00fava do praxe \u2013 a \u010do mus\u00ed splni\u0165, aby bol skuto\u010dne bezpe\u010dn\u00fd.<br><br> &#8211; \u010co vlastne rob\u00ed T\u00dcV S\u00dcD Slovakia? Ako organiz\u00e1cia ovplyv\u0148uje ka\u017edodenn\u00fd \u017eivot?<br> &#8211; Zvykli sme si na bezpe\u010dnos\u0165 denne vyu\u017e\u00edvan\u00fdch technol\u00f3gi\u00ed a automaticky d\u00f4verujeme, \u017ee funguj\u00fa &#8211; aj v\u010faka T\u00dcV S\u00dcD Slovakia<br> &#8211; Hist\u00f3ria technick\u00fdch kontrol &#8211; od \u010dias priemyselnej revol\u00facie po dne\u0161n\u00fa glob\u00e1lnu \u0161trukt\u00faru<br> &#8211; Neutralita a nestrannos\u0165 T\u00dcV S\u00dcD Slovakia<br> &#8211; Rozdelenie \u010dinnost\u00ed na notifikovan\u00fa osobu, \u00faradn\u00e9 sk\u00fa\u0161ky a nez\u00e1visl\u00e9 technick\u00e9 posudzovanie<br> &#8211; Praktick\u00fd pr\u00edklad certifik\u00e1cie zariaden\u00ed pre vod\u00edkov\u00e9 projekty<br> &#8211; Projekt H2 Pilot v spolupr\u00e1ci so spolo\u010dnos\u0165ou SPP &#8211; distrib\u00facia v obci Blatn\u00e1 na Ostrove: primie\u0161avanie vod\u00edka do zemn\u00e9ho plynu a testovanie bezpe\u010dnosti siete aj dom\u00e1cich spotrebi\u010dov a posudzovanie pripravenosti celej distribu\u010dnej siete na 5 % zmes vod\u00edka<br> &#8211; Zdie\u013eanie sk\u00fasenost\u00ed na medzin\u00e1rodnej \u00farovni a export slovensk\u00e9ho know how<br> &#8211; Prechod k vod\u00edkovej mobilite a aktu\u00e1lny stav na Slovensku + re\u00e1lne pr\u00edklady technol\u00f3gie<br> &#8211; Rozdiel medzi spa\u013eovan\u00edm vod\u00edka a palivov\u00fdmi \u010dl\u00e1nkami<br> &#8211; Tlak 200 a 350 barov ako praktick\u00fd faktor dojazdu autobusov<br> &#8211; Bezpe\u010dnos\u0165 n\u00e1dr\u017e\u00ed, tesnos\u0165 a spr\u00e1vanie vod\u00edka pri nehode<br> &#8211; STK vod\u00edkov\u00fdch vozidiel m\u00f4\u017ee by\u0165 lacnej\u0161ia ne\u017e pri klasickom aute<br> &#8211; Porovnanie spo\u013eahlivosti alternat\u00edvnych pohonov<br> &#8211; Infra\u0161trukt\u00fara ako hlavn\u00e1 brzda rozvoja, nie samotn\u00e1 technol\u00f3gia<br><br><strong>Video verziu<\/strong>&nbsp;podcastu si m\u00f4\u017eete pozrie\u0165&nbsp;<strong><a href=\"https:\/\/www.youtube.com\/watch?v=ldLG8H4yPKM\" type=\"link\" id=\"https:\/\/www.youtube.com\/watch?v=ldLG8H4yPKM\">HERE<\/a><\/strong>.<\/figcaption><\/figure>\n<\/div><\/div>\n\n\n\n<div class=\"wp-block-group spotify-block-group-nvas\"><div class=\"wp-block-group__inner-container is-layout-constrained wp-block-group-is-layout-constrained\">\n<h3 class=\"wp-block-heading\"><strong>Energetika potrebuje aj \u017eensk\u00fd pr\u00edstup<\/strong><\/h3>\n\n\n\n<figure class=\"wp-block-embed is-type-rich is-provider-spotify wp-block-embed-spotify\"><div class=\"wp-block-embed__wrapper\">\n<iframe title=\"Spotify Embed: Energetika potrebuje aj \u017eensk\u00fd pr\u00edstup\" style=\"border-radius: 12px\" width=\"100%\" height=\"152\" frameborder=\"0\" allowfullscreen allow=\"autoplay; clipboard-write; encrypted-media; fullscreen; picture-in-picture\" loading=\"lazy\" src=\"https:\/\/open.spotify.com\/embed\/episode\/0ZgRTGAXik1sMgdCVFAwMN?utm_source=oembed\"><\/iframe>\n<\/div><figcaption class=\"wp-element-caption\"><br>Hos\u0165kou tejto \u010dasti je&nbsp;<strong>Veronika Galekov\u00e1<\/strong>&nbsp;&#8211; dlhoro\u010dn\u00e1 l\u00edderka&nbsp;<strong>SAPI<\/strong>, ktor\u00e1 st\u00e1la pri formovan\u00ed obnovite\u013en\u00fdch zdrojov energie na Slovensku od ich za\u010diatkov.<br><br>V rozhovore sa rozpr\u00e1vame o:<br>&#8211; vzniku a 15-ro\u010dnej hist\u00f3rii SAPI,<br>&#8211; hodnot\u00e1ch, ktor\u00e9 SAPI dr\u017eia pokope,<br>&#8211; najv\u00e4\u010d\u0161\u00edch \u00faspechoch, ale aj n\u00e1ro\u010dn\u00fdch momentoch,<br>&#8211; podujatiach SAPI Energy Conference,<br>&#8211; ocenen\u00ed SAPI Energy Awards.<br><br>Silnou t\u00e9mou rozhovoru je aj postavenie \u017eien v energetike:<br>&#8211; ako sa presadi\u0165 v tradi\u010dne mu\u017eskom prostred\u00ed,<br>&#8211; \u010do \u017eeny prin\u00e1\u0161aj\u00fa do mu\u017esk\u00e9ho prostredia,<br>&#8211; odpor\u00fa\u010dania pre \u017eeny, ktor\u00e9 zva\u017euj\u00fa kari\u00e9ru v energetike a in\u00fdch mu\u017esk\u00fdch profesi\u00e1ch.<br><br><strong>Video verziu<\/strong>&nbsp;podcastu si m\u00f4\u017eete pozrie\u0165&nbsp;<strong><a href=\"https:\/\/youtu.be\/6YJAgUuaYUI\">HERE<\/a><\/strong>.<\/figcaption><\/figure>\n<\/div><\/div>\n\n\n\n<div class=\"wp-block-group spotify-block-group-nvas\"><div class=\"wp-block-group__inner-container is-layout-constrained wp-block-group-is-layout-constrained\">\n<h3 class=\"wp-block-heading\"><strong>SAPI a NVAS bilancuj\u00fa rok 2025<\/strong><\/h3>\n\n\n\n<figure class=\"wp-block-embed is-type-rich is-provider-spotify wp-block-embed-spotify\"><div class=\"wp-block-embed__wrapper\">\n<iframe title=\"Spotify Embed: SAPI a NVAS bilancuj\u00fa rok 2025\" style=\"border-radius: 12px\" width=\"100%\" height=\"152\" frameborder=\"0\" allowfullscreen allow=\"autoplay; clipboard-write; encrypted-media; fullscreen; picture-in-picture\" loading=\"lazy\" src=\"https:\/\/open.spotify.com\/embed\/episode\/4CUKnSlRR5VMl6zSS7ldsp?utm_source=oembed\"><\/iframe>\n<\/div><figcaption class=\"wp-element-caption\"><br>V \u0161peci\u00e1lnej novoro\u010dnej epiz\u00f3de podcastu sa spolu s <strong>J\u00e1nom Karabom zo Slovenskej asoci\u00e1cie udr\u017eate\u013enej energetiky (SAPI)<\/strong> a <strong>J\u00e1nom Weitersch\u00fctzom z N\u00e1rodnej Vod\u00edkovej Asoci\u00e1cie Slovenska (NVAS) <\/strong>vraciame k roku 2025, ktor\u00fd v\u00fdrazne ovplyvnil smerovanie slovenskej energetiky.<br>Rozoberieme k\u013e\u00fa\u010dov\u00e9 m\u00ed\u013eniky, vr\u00e1tane vstupu SAPI a NVAS do Asoci\u00e1cie priemyseln\u00fdch zv\u00e4zov a dopravy, aj to, kam sa pos\u00fava rozvoj obnovite\u013en\u00fdch zdrojov a vod\u00edkov\u00fdch technol\u00f3gi\u00ed. Pozrieme sa na v\u00fdvoj vod\u00edkov\u00fdch \u00fadol\u00ed, nov\u00e9 pr\u00edle\u017eitosti aj prek\u00e1\u017eky, ktor\u00e9 dnes formuj\u00fa energetick\u00fd sektor.<br>Neob\u00eddeme t\u00e9mu ukladania energie, energetickej chudoby ani z\u00e1sahy \u0161t\u00e1tu. Z\u00e1ver epiz\u00f3dy pon\u00fakne poh\u013ead do roku 2026, pl\u00e1ny NVAS a pozv\u00e1nku na H2SK FORUM 2026 a 16. ro\u010dn\u00edk SAPI Energy Conference.<br><br><strong>Video verziu<\/strong> podcastu si m\u00f4\u017eete pozrie\u0165 <strong><a href=\"http:\/\/youtube.com\/watch?v=h4qD3vM0L0M&amp;feature=youtu.be\">HERE<\/a><\/strong>.<\/figcaption><\/figure>\n<\/div><\/div>\n\n\n\n<div class=\"wp-block-group spotify-block-group-nvas\"><div class=\"wp-block-group__inner-container is-layout-constrained wp-block-group-is-layout-constrained\">\n<h3 class=\"wp-block-heading\"><strong>S\u00fa elektr\u00e1rne ohrozen\u00e9 kybernetick\u00fdmi \u00fatokmi?<\/strong><\/h3>\n\n\n\n<figure class=\"wp-block-embed is-type-rich is-provider-spotify wp-block-embed-spotify\"><div class=\"wp-block-embed__wrapper\">\n<iframe title=\"Spotify Embed: S\u00fa elektr\u00e1rne ohrozen\u00e9 kybernetick\u00fdmi \u00fatokmi?\" style=\"border-radius: 12px\" width=\"100%\" height=\"152\" frameborder=\"0\" allowfullscreen allow=\"autoplay; clipboard-write; encrypted-media; fullscreen; picture-in-picture\" loading=\"lazy\" src=\"https:\/\/open.spotify.com\/embed\/episode\/3iA32o96T5I5qDoxlQsXmb?utm_source=oembed\"><\/iframe>\n<\/div><figcaption class=\"wp-element-caption\"><br>Vypo\u010dujte si rozhovor, ktor\u00fd sp\u00e1ja energetikov a fan\u00fa\u0161ikov modern\u00fdch technol\u00f3gi\u00ed. S <strong>Jurajom<\/strong> <strong>Kubicom<\/strong> otvor\u00edme t\u00e9mu bezpe\u010dnosti sol\u00e1rnych, vetern\u00fdch, vodn\u00fdch aj jadrov\u00fdch elektr\u00e1rn\u00ed. \u00datok na jednu mal\u00fa fotovoltick\u00fa elektr\u00e1re\u0148 p\u00f4sob\u00ed zanedbate\u013ene, ale ke\u010f ich bude po\u0161koden\u00fdch viac, m\u00f4\u017ee to znamena\u0165 v\u00e1\u017eny probl\u00e9m pre cel\u00fa energetick\u00fa s\u00fastavu. Zist\u00edme teda, \u010di s\u00fa na\u0161e predstavy z ak\u010dn\u00fdch filmov prehnan\u00e9, a \u010di mal\u00e9 OZE naozaj otv\u00e1raj\u00fa viac dver\u00ed \u00fato\u010dn\u00edkom ne\u017e ve\u013ek\u00e9 elektr\u00e1rne. Dotkneme sa aj ot\u00e1zky, \u010di sa Eur\u00f3pa m\u00f4\u017ee sta\u0165 technologicky suver\u00e9nnou v oblasti \u010distej energie, ke\u010f mno\u017estvo komponentov poch\u00e1dza zo zahrani\u010dia.<br><br><strong>Video verziu<\/strong> podcastu si m\u00f4\u017eete pozrie\u0165 <strong><a href=\"https:\/\/youtu.be\/x9GKxtv9HQM\">HERE<\/a><\/strong>.<\/figcaption><\/figure>\n<\/div><\/div>\n\n\n\n<div class=\"wp-block-group spotify-block-group-nvas\"><div class=\"wp-block-group__inner-container is-layout-constrained wp-block-group-is-layout-constrained\">\n<h3 class=\"wp-block-heading\"><strong>\u0160tudenti o \u00faspe\u0161n\u00fdch pretekoch H2GP v Nemecku: obrovsk\u00e1 rados\u0165 aj poriadna drina<\/strong><\/h3>\n\n\n\n<figure class=\"wp-block-embed is-type-rich is-provider-spotify wp-block-embed-spotify\"><div class=\"wp-block-embed__wrapper\">\n<iframe title=\"Spotify Embed: \u0160tudenti o \u00faspe\u0161n\u00fdch pretekoch H2GP v Nemecku: obrovsk\u00e1 rados\u0165 aj poriadna drina\" style=\"border-radius: 12px\" width=\"100%\" height=\"152\" frameborder=\"0\" allowfullscreen allow=\"autoplay; clipboard-write; encrypted-media; fullscreen; picture-in-picture\" loading=\"lazy\" src=\"https:\/\/open.spotify.com\/embed\/episode\/46tjlezxmpEWVTGymVx3PU?utm_source=oembed\"><\/iframe>\n<\/div><figcaption class=\"wp-element-caption\"><br>Pre aktu\u00e1lne vydanie podcastu Energia zajtraj\u0161ka sme na konferencii H2SK FORUM vyspovedali tri t\u00edmy finalistov s\u00fa\u0165a\u017ee <strong>H2GP<\/strong>. Rozpr\u00e1vame sa o tom, ak\u00e9 to je ocitn\u00fa\u0165 sa na svetovom fin\u00e1le RC \u00e1ut na vod\u00edkov\u00fd pohon v nemeckom Chemnitzi a \u010do v\u0161etko mus\u00ed t\u00edm zvl\u00e1dnu\u0165, aby tam obst\u00e1l.<br>\u0160tudenti prezr\u00e1dzaj\u00fa z\u00e1kulisie pr\u00edprav, ne\u010dakan\u00e9 komplik\u00e1cie aj tie mal\u00e9 v\u00ed\u0165azstv\u00e1, ke\u010f sa auto po nekone\u010dn\u00fdch hodin\u00e1ch ladenia kone\u010dne rozbehne. Dozviete sa, ako <strong>Ostrov<\/strong> <strong>Team<\/strong> z\u00edskal striebro v kateg\u00f3rii HYBRID a z\u00e1rove\u0148 ovl\u00e1dol univerzitn\u00fa kateg\u00f3riu PROTOTYPE, aj ako sa darilo t\u00edmom <strong>Adler Motors<\/strong>, <strong>Strojar Riders<\/strong> a diev\u010densk\u00e9mu <strong>Hydra Teamu<\/strong>. Hovor\u00edme o technike, r\u00fdchlosti, rekordn\u00fdch pit-stopoch, ale aj o atmosf\u00e9re, ktor\u00e1 dr\u017e\u00ed t\u00edm pokope v naj\u0165a\u017e\u0161\u00edch momentoch.<br>T\u00edmy otvorene hovoria o tom, \u010do sa nau\u010dili &#8211; od pr\u00e1ce s vod\u00edkov\u00fdm \u010dl\u00e1nkom a\u017e po t\u00edmov\u00fa komunik\u00e1ciu pod tlakom. V podcaste rie\u0161ime aj to, \u010do pod\u013ea nich rozhoduje o \u00faspechu: r\u00fdchle auto, dobr\u00e1 strat\u00e9gia \u010di sk\u00f4r \u013eudsk\u00e1 s\u00fahra. Nech\u00fdbaj\u00fa osobn\u00e9 momenty, z\u00e1\u017eitky, ale ani \u00faprimn\u00e9 rady pre \u0161koly, ktor\u00e9 e\u0161te len rozm\u00fd\u0161\u013eaj\u00fa, \u010di sa do H2GP pusti\u0165.<br>Cel\u00fd rozhovor ukazuje, \u017ee vod\u00edkov\u00e9 technol\u00f3gie nie s\u00fa len bud\u00facnos\u0165 energetiky, ale aj skvel\u00fd priestor pre mlad\u00fdch, ktor\u00ed sa neboja experimentova\u0165 a pos\u00fava\u0165 hranice.<br><br><strong>Video verziu<\/strong> podcastu si m\u00f4\u017eete pozrie\u0165 <a href=\"https:\/\/youtu.be\/FKx_4NHkfng\"><strong>HERE<\/strong><\/a>.<\/figcaption><\/figure>\n<\/div><\/div>\n\n\n\n<div class=\"wp-block-group spotify-block-group-nvas\"><div class=\"wp-block-group__inner-container is-layout-constrained wp-block-group-is-layout-constrained\">\n<h3 class=\"wp-block-heading\"><strong>Regul\u00e1cia v \u00e9re obnovite\u013en\u00fdch zdrojov<\/strong><\/h3>\n\n\n\n<figure class=\"wp-block-embed is-type-rich is-provider-spotify wp-block-embed-spotify\"><div class=\"wp-block-embed__wrapper\">\n<iframe title=\"Spotify Embed: Regul\u00e1cia v \u00e9re obnovite\u013en\u00fdch zdrojov\" style=\"border-radius: 12px\" width=\"100%\" height=\"152\" frameborder=\"0\" allowfullscreen allow=\"autoplay; clipboard-write; encrypted-media; fullscreen; picture-in-picture\" loading=\"lazy\" src=\"https:\/\/open.spotify.com\/embed\/episode\/6cio6qnw4Ia99tGsCUiLL4?utm_source=oembed\"><\/iframe>\n<\/div><figcaption class=\"wp-element-caption\"><br>V najnov\u0161ej epiz\u00f3de podcastu Energia zajtraj\u0161ka sa rozpr\u00e1vame s <strong>Andrejom Jurisom<\/strong>, b\u00fdval\u00fdm predsedom \u00daradu pre regul\u00e1ciu sie\u0165ov\u00fdch odvetv\u00ed (\u00daRSO) a s\u00fa\u010dasn\u00fdm \u010dlenom <strong>Energy Community<\/strong> vo Viedni.<br>Hovor\u00edme o tom, ako a pre\u010do vznikol \u00daRSO, ak\u00e9 m\u00e1 dnes pr\u00e1vomoci a ako sa men\u00ed jeho \u00faloha v \u010dase, ke\u010f energetika prech\u00e1dza z\u00e1sadnou transform\u00e1ciou. Andrej Juris vysvet\u013euje, pre\u010do je stabilita cien a predv\u00eddate\u013enos\u0165 pravidiel k\u013e\u00fa\u010dov\u00e1 pre investorov aj spotrebite\u013eov, a ako nov\u00e9 metodiky v\u00fdpo\u010dtu cien pomohli zlep\u0161i\u0165 transparentnos\u0165 trhu. Otvorene hovor\u00ed aj o politick\u00fdch tlakoch po\u010das energetickej kr\u00edzy, o hranici medzi odbornos\u0165ou a politikou a o tom, ako si \u00daRSO dok\u00e1zalo udr\u017ea\u0165 nez\u00e1vislos\u0165.<br>Spolo\u010dne sa pozrieme aj na bud\u00facnos\u0165 regul\u00e1cie v \u00e9re decentraliz\u00e1cie a komunitnej energetiky, kde spotrebitelia \u010doraz \u010dastej\u0161ie vyr\u00e1baj\u00fa vlastn\u00fa elektrinu. V rozhovore nech\u00fdba poh\u013ead na v\u00fdzvy integr\u00e1cie obnovite\u013en\u00fdch zdrojov, potrebu invest\u00edci\u00ed do siet\u00ed \u010di \u00falohu bat\u00e9riov\u00fdch \u00falo\u017e\u00edsk v stabiliz\u00e1cii syst\u00e9mu. V z\u00e1vere sa presunieme do regi\u00f3nu juhov\u00fdchodnej Eur\u00f3py a porovn\u00e1me, ako napreduj\u00fa balk\u00e1nske krajiny v liberaliz\u00e1cii energetiky \u2013 a \u010do sa z ich pr\u00edstupu m\u00f4\u017ee nau\u010di\u0165 aj Slovensko.<br><br><strong>Video verziu<\/strong> podcastu si m\u00f4\u017eete pozrie\u0165 <strong><a href=\"https:\/\/youtu.be\/0rq-IJdQa9w\">HERE<\/a>.<\/strong><\/figcaption><\/figure>\n<\/div><\/div>\n\n\n\n<div class=\"wp-block-group spotify-block-group-nvas\"><div class=\"wp-block-group__inner-container is-layout-constrained wp-block-group-is-layout-constrained\">\n<h3 class=\"wp-block-heading\"><strong>Pracujeme na uvo\u013enen\u00ed pravidiel v\u00fdroby vod\u00edka v E\u00da<\/strong><\/h3>\n\n\n\n<figure class=\"wp-block-embed is-type-rich is-provider-spotify wp-block-embed-spotify\"><div class=\"wp-block-embed__wrapper\">\n<iframe title=\"Spotify Embed: Pracujeme na uvo\u013enen\u00ed pravidiel v\u00fdroby vod\u00edka v E\u00da\" style=\"border-radius: 12px\" width=\"100%\" height=\"152\" frameborder=\"0\" allowfullscreen allow=\"autoplay; clipboard-write; encrypted-media; fullscreen; picture-in-picture\" loading=\"lazy\" src=\"https:\/\/open.spotify.com\/embed\/episode\/0F1gqm3M2tgzA9lWeVPyJw?utm_source=oembed\"><\/iframe>\n<\/div><figcaption class=\"wp-element-caption\"><br>Rozhovor s <strong>Janom Sochorom<\/strong>, \u010desk\u00fdm senior \u0161pecialistom pre rozvoj vod\u00edkov\u00e9ho hospod\u00e1rstva, sa zameriava na aktu\u00e1lne pravidl\u00e1 v\u00fdroby zelen\u00e9ho vod\u00edka a RFNBO pal\u00edv v Eur\u00f3pskej \u00fanii. \u010cesk\u00e1 vod\u00edkov\u00e1 technologick\u00e1 platforma <strong>HYTEP<\/strong> vznikla v roku 2007, aby prep\u00e1jala firmy, v\u00fdskumn\u00edkov a in\u0161tit\u00facie a pom\u00e1hala rozv\u00edja\u0165 vod\u00edkov\u00e9 hospod\u00e1rstvo v s\u00falade s klimatick\u00fdmi cie\u013emi E\u00da.<br>S\u00fa\u010dasn\u00e9 eur\u00f3pske regul\u00e1cie, zn\u00e1me ako delegovan\u00e9 akty, ur\u010duj\u00fa, kedy mo\u017eno vod\u00edk ozna\u010di\u0165 ako obnovite\u013en\u00fd, pri\u010dom klad\u00fa d\u00f4raz na zdroj energie, \u010dasov\u00fa a geografick\u00fa v\u00e4zbu v\u00fdroby. Pod\u013ea Jana Sochora v\u0161ak tieto pr\u00edsne pravidl\u00e1 prin\u00e1\u0161aj\u00fa zna\u010dn\u00e9 prek\u00e1\u017eky pre krajiny strednej Eur\u00f3py, kde s\u00fa podmienky pre sol\u00e1rnu \u010di vetern\u00fa energiu slab\u0161ie. Kritick\u00e9 s\u00fa najm\u00e4 tri po\u017eiadavky \u2013 adicionalita, \u010dasov\u00e1 korel\u00e1cia a geografick\u00e1 korel\u00e1cia \u2013 ktor\u00e9 v\u00fdrazne zni\u017euj\u00fa ekonomick\u00fa \u017eivotaschopnos\u0165 projektov. HYTEP preto navrhuje \u00fapravy, ako je pred\u013a\u017eenie \u010dasov\u00e9ho okna korel\u00e1cie \u010di mo\u017enos\u0165 vyu\u017eitia n\u00edzkouhl\u00edkov\u00fdch zdrojov, vr\u00e1tane jadra.<br>Zjednodu\u0161enie regul\u00e1ci\u00ed by pod\u013ea neho otvorilo dvere pre \u0161ir\u0161ie vyu\u017eitie vod\u00edka v priemysle, energetike aj doprave. HYTEP ver\u00ed, \u017ee tlak z praxe povedie k \u00faprav\u00e1m e\u0161te pred pl\u00e1novanou rev\u00edziou v roku 2028, \u010do by mohlo ur\u00fdchli\u0165 rozvoj vod\u00edkov\u00e9ho hospod\u00e1rstva v celom regi\u00f3ne.<br><br><strong>Video verziu<\/strong>&nbsp;podcastu si m\u00f4\u017eete pozrie\u0165&nbsp;<strong><a href=\"https:\/\/www.youtube.com\/watch?v=U5ebcBlGNis\">HERE<\/a>.<\/strong><\/figcaption><\/figure>\n<\/div><\/div>\n\n\n\n<div class=\"wp-block-group spotify-block-group-nvas\"><div class=\"wp-block-group__inner-container is-layout-constrained wp-block-group-is-layout-constrained\">\n<h3 class=\"wp-block-heading\"><strong>S\u00fa vetern\u00e9 elektr\u00e1rne bezpe\u010dn\u00e9?<\/strong><\/h3>\n\n\n\n<figure class=\"wp-block-embed is-type-rich is-provider-spotify wp-block-embed-spotify\"><div class=\"wp-block-embed__wrapper\">\n<iframe title=\"Spotify Embed: S\u00fa vetern\u00e9 elektr\u00e1rne bezpe\u010dn\u00e9?\" style=\"border-radius: 12px\" width=\"100%\" height=\"152\" frameborder=\"0\" allowfullscreen allow=\"autoplay; clipboard-write; encrypted-media; fullscreen; picture-in-picture\" loading=\"lazy\" src=\"https:\/\/open.spotify.com\/embed\/episode\/3qsldDSOcpJBJZMgrewNDR?utm_source=oembed\"><\/iframe>\n<\/div><figcaption class=\"wp-element-caption\"><br>V tejto epiz\u00f3de podcastu Energia zajtraj\u0161ka hovor\u00edme s environment\u00e1lnym konzultantom <strong>Vladim\u00edrom Ko\u010dvarom<\/strong> o dopadoch ve\u013ek\u00fdch stavieb na \u017eivotn\u00e9 prostredie, o tom, pre\u010do je posudzovanie vplyvov (EIA) tak\u00e9 d\u00f4le\u017eit\u00e9 a ako Slovensko sa za posledn\u00e9 desa\u0165ro\u010dia pos\u00fava v pr\u00edstupe k v\u00fdstavbe a ochrane krajiny. Rozober\u00e1me aj t\u00e9mu zelen\u00fdch striech, ktor\u00e9 sa napriek svojim pr\u00ednosom na Slovensku zatia\u013e v\u00fdraznej\u0161ie nepresadili. Vysvet\u013eujeme, ako prebieha proces EIA &#8211; od prvotn\u00fdch anal\u00fdz a\u017e po rozhodnutia \u00faradov &#8211; a \u010do by \u0161t\u00e1t mohol urobi\u0165 pre jeho zr\u00fdchlenie a zefekt\u00edvnenie.<br><br>Osobitne sa venujeme veternej energii \u2013 jej bezpe\u010dnosti, vplyvu na \u013eud\u00ed, vytv\u00e1raniu hluku, \u010di ohrozovaniu vt\u00e1kov a netopierov. Vyvraciame naj\u010dastej\u0161ie m\u00fdty o vetern\u00fdch turb\u00ednach, ktor\u00e9 s\u00fa na Slovensku st\u00e1le predmetom ob\u00e1v. Diskutujeme, ako \u010faleko maj\u00fa by\u0165 vetern\u00e9 parky od obydl\u00ed a \u010di by men\u0161ie turb\u00edny mohli prinies\u0165 v\u00e4\u010d\u0161ie prijatie tejto formy energie.<br><br><strong>Video verziu<\/strong>&nbsp;podcastu si m\u00f4\u017eete pozrie\u0165&nbsp;<strong><a href=\"https:\/\/youtu.be\/dvcmcWrSCiw\">HERE<\/a>.<\/strong><\/figcaption><\/figure>\n<\/div><\/div>\n\n\n\n<div class=\"wp-block-group spotify-block-group-nvas\"><div class=\"wp-block-group__inner-container is-layout-constrained wp-block-group-is-layout-constrained\">\n<h3 class=\"wp-block-heading\"><strong>Ako zarobi\u0165 na vod\u00edku?<\/strong><\/h3>\n\n\n\n<figure class=\"wp-block-embed is-type-rich is-provider-spotify wp-block-embed-spotify\"><div class=\"wp-block-embed__wrapper\">\n<iframe title=\"Spotify Embed: Ako zarobi\u0165 na vod\u00edku?\" style=\"border-radius: 12px\" width=\"100%\" height=\"152\" frameborder=\"0\" allowfullscreen allow=\"autoplay; clipboard-write; encrypted-media; fullscreen; picture-in-picture\" loading=\"lazy\" src=\"https:\/\/open.spotify.com\/embed\/episode\/4CSnWrKdFGZSbqGVtqyKjr?utm_source=oembed\"><\/iframe>\n<\/div><figcaption class=\"wp-element-caption\"><br>V podcaste Energia zajtraj\u0161ka sme sa u\u017e s r\u00f4znymi hos\u0165ami rozpr\u00e1vali o v\u00fdrobe, vyu\u017eit\u00ed a in\u00fdch \u00faloh\u00e1ch pri dekarboniz\u00e1cii priemyslu a dopravy. Zatia\u013e sme v\u0161ak obch\u00e1dzali jednu t\u00e9mu &#8211; ekonomick\u00fd profit okolo vod\u00edka ako energo nosi\u010da alebo paliva.<br><br>Na t\u00fato t\u00e9mu sa porozpr\u00e1vam s <strong>Petrom<\/strong> <strong>Bla\u0161kovit\u0161om<\/strong> \u2013 \u010dlovekom, ktor\u00fd sa dlhodobo pohybuje v oblasti inov\u00e1ci\u00ed, energetiky a vod\u00edkov\u00fdch technol\u00f3gi\u00ed. Bol gener\u00e1lnym riadite\u013eom Slovenskej inova\u010dnej a energetickej agent\u00fary (SIEA) kde zastre\u0161oval \u0161irok\u00e9 spektrum aktiv\u00edt od projektov zameran\u00fdch na inovat\u00edvne rie\u0161enia, energetick\u00fa efekt\u00edvnos\u0165 a\u017e po vyu\u017e\u00edvanie obnovite\u013en\u00fdch zdrojov energie. V s\u00fa\u010dasnosti je <strong>\u010dlenom v\u00fdkonn\u00e9ho v\u00fdboru NVAS<\/strong> ako z\u00e1stupca ve\u013ek\u00fdch firiem a riadite\u013eom EXPORT ANALYTICA, analytickej platformy expertov s cie\u013eom zdie\u013ea\u0165 poznatky a osved\u010den\u00e9 postupy v oblastiach ekonomiky, obchodu a medzin\u00e1rodn\u00fdch vz\u0165ahov. Je teda \u010dlovekom, ktor\u00fd vie prepoji\u0165 technol\u00f3giu, biznis a praktick\u00fa realiz\u00e1ciu projektov.<br><br><strong>Video verziu<\/strong> podcastu si m\u00f4\u017eete pozrie\u0165 <strong><a href=\"https:\/\/youtu.be\/X-ELOBoLW7Y\">HERE<\/a><\/strong>.<\/figcaption><\/figure>\n<\/div><\/div>\n\n\n\n<div class=\"wp-block-group spotify-block-group-nvas\"><div class=\"wp-block-group__inner-container is-layout-constrained wp-block-group-is-layout-constrained\">\n<h3 class=\"wp-block-heading\"><strong>Bat\u00e9riov\u00e9 syst\u00e9my s grid-forming technol\u00f3giou ako stabiliza\u010dn\u00fd prvok v sieti<\/strong><\/h3>\n\n\n\n<figure class=\"wp-block-embed is-type-rich is-provider-spotify wp-block-embed-spotify\"><div class=\"wp-block-embed__wrapper\">\n<iframe title=\"Spotify Embed: Bat\u00e9riov\u00e9 syst\u00e9my s grid-forming technol\u00f3giou ako stabiliza\u010dn\u00fd prvok v sieti\" style=\"border-radius: 12px\" width=\"100%\" height=\"152\" frameborder=\"0\" allowfullscreen allow=\"autoplay; clipboard-write; encrypted-media; fullscreen; picture-in-picture\" loading=\"lazy\" src=\"https:\/\/open.spotify.com\/embed\/episode\/5CCzHagzcQJQhrAS6d3JlS?utm_source=oembed\"><\/iframe>\n<\/div><figcaption class=\"wp-element-caption\"><br>Dnes sa budeme bavi\u0165 o \u010doraz aktu\u00e1lnej\u0161ej t\u00e9me \u2013 stabilite elektrick\u00fdch siet\u00ed obsahuj\u00facej obnovite\u013en\u00e9 zdroje energie a s\u00favisiacich bat\u00e9riov\u00fdch syst\u00e9moch. Ned\u00e1vne blackouty v \u010cesku a \u0160panielsku uk\u00e1zali, \u017ee ide o celkom hor\u00facu problematiku.<br>Moje ot\u00e1zky zodpovie&nbsp;<strong>Martin Hodek<\/strong>&nbsp;zo spolo\u010dnosti&nbsp;<strong>Huawei<\/strong>&nbsp;<strong>Technologies<\/strong>&nbsp;&#8211; \u0161pecialista na dizajn a riadenie bat\u00e9riov\u00fdch syst\u00e9mov.<br><br><strong>Video verziu<\/strong>&nbsp;podcastu si m\u00f4\u017eete pozrie\u0165&nbsp;<strong><a href=\"https:\/\/youtu.be\/DRtJqOf311s\">HERE<\/a>.<\/strong><\/figcaption><\/figure>\n<\/div><\/div>\n\n\n\n<div class=\"wp-block-group spotify-block-group-nvas\"><div class=\"wp-block-group__inner-container is-layout-constrained wp-block-group-is-layout-constrained\">\n<h3 class=\"wp-block-heading\"><strong>Roky 2025 &#8211; 2030 v slovenskej energetike s J\u00e1nom Karabom<\/strong><\/h3>\n\n\n\n<figure class=\"wp-block-embed is-type-rich is-provider-spotify wp-block-embed-spotify\"><div class=\"wp-block-embed__wrapper\">\n<iframe title=\"Spotify Embed: Roky 2025 - 2030 v slovenskej energetike s J\u00e1nom Karabom\" style=\"border-radius: 12px\" width=\"100%\" height=\"152\" frameborder=\"0\" allowfullscreen allow=\"autoplay; clipboard-write; encrypted-media; fullscreen; picture-in-picture\" loading=\"lazy\" src=\"https:\/\/open.spotify.com\/embed\/episode\/3IZoScTTqv9aYToAttahGC?utm_source=oembed\"><\/iframe>\n<\/div><figcaption class=\"wp-element-caption\"><br>Asoci\u00e1cia <strong>SAPI<\/strong> vydala hodnotn\u00fd v\u00fdh\u013eadov\u00fd dokument o v\u00fdvoji energetiky na Slovensku v nasleduj\u00facich rokoch. Pozrieme sa, \u010do n\u00e1s \u010dak\u00e1 v jadrovej, vodnej, slne\u010dnej, veternej, geoterm\u00e1lnej, bioplynovej aj energiii z fos\u00edlnych pal\u00edv.<br><br><strong>Video verziu<\/strong> podcastu si m\u00f4\u017eete pozrie\u0165 <a href=\"https:\/\/youtu.be\/HhGXenJWXHc\">HERE<\/a>.<\/figcaption><\/figure>\n<\/div><\/div>\n\n\n\n<div class=\"wp-block-group spotify-block-group-nvas\"><div class=\"wp-block-group__inner-container is-layout-constrained wp-block-group-is-layout-constrained\">\n<h3 class=\"wp-block-heading\"><strong>Eur\u00f3pske vod\u00edkov\u00e9 aktuality s J\u00e1nom Weitersch\u00fctzom<\/strong><\/h3>\n\n\n\n<figure class=\"wp-block-embed is-type-rich is-provider-spotify wp-block-embed-spotify\"><div class=\"wp-block-embed__wrapper\">\n<iframe title=\"Spotify Embed: Eur\u00f3pske vod\u00edkov\u00e9 aktuality s J\u00e1nom Weitersch\u00fctzom\" style=\"border-radius: 12px\" width=\"100%\" height=\"152\" frameborder=\"0\" allowfullscreen allow=\"autoplay; clipboard-write; encrypted-media; fullscreen; picture-in-picture\" loading=\"lazy\" src=\"https:\/\/open.spotify.com\/embed\/episode\/2h6hZ4L7nLqVV9MtKiY0T8?utm_source=oembed\"><\/iframe>\n<\/div><figcaption class=\"wp-element-caption\"><br>V tejto epiz\u00f3de podcastu Energia zajtraj\u0161ka budeme hovori\u0165 o tom, pre\u010do sa okolo vod\u00edka to\u010d\u00ed ve\u013ek\u00e1 eur\u00f3pska diskusia, ak\u00e9 pravidl\u00e1 platia pre v\u00fdrobu zelen\u00e9ho a modr\u00e9ho vod\u00edka, a pre\u010do ich pova\u017euj\u00fa mnoh\u00ed odborn\u00edci za brzdu. <br>Zauj\u00edma\u0165 ma bude aj to, ak\u00fa \u0161ancu m\u00e1 Slovensko vyr\u00e1ba\u0165 n\u00edzkouhl\u00edkov\u00fd vod\u00edk, napr\u00edklad z jadrovej elektriny \u010di zemn\u00e9ho plynu so zachyt\u00e1van\u00edm CO\u2082. <br>A preto\u017ee sa n\u00e1\u0161 dne\u0161n\u00fd hos\u0165 &#8211; <strong>J\u00e1n Weitersch\u00fctz, predseda NVAS<\/strong> &#8211; vr\u00e1til z ned\u00e1vneho vod\u00edkov\u00e9ho podujatia v Brne a akt\u00edvne sa zap\u00e1ja do eur\u00f3pskych deb\u00e1t, bude to rozhovor prudko aktu\u00e1lny.<br><br><strong>Video verziu<\/strong> podcastu si m\u00f4\u017eete pozrie\u0165 <a href=\"https:\/\/www.youtube.com\/watch?v=nH3umgVKcXc\">HERE<\/a>.<\/figcaption><\/figure>\n<\/div><\/div>\n\n\n\n<div class=\"wp-block-group spotify-block-group-nvas\"><div class=\"wp-block-group__inner-container is-layout-constrained wp-block-group-is-layout-constrained\">\n<h3 class=\"wp-block-heading\"><strong>V\u0161etko, \u010do potrebujete vedie\u0165 o agrovoltike<\/strong><\/h3>\n\n\n\n<figure class=\"wp-block-embed is-type-rich is-provider-spotify wp-block-embed-spotify\"><div class=\"wp-block-embed__wrapper\">\n<iframe title=\"Spotify Embed: V\u0161etko, \u010do potrebujete vedie\u0165 o agrovoltike\" style=\"border-radius: 12px\" width=\"100%\" height=\"152\" frameborder=\"0\" allowfullscreen allow=\"autoplay; clipboard-write; encrypted-media; fullscreen; picture-in-picture\" loading=\"lazy\" src=\"https:\/\/open.spotify.com\/embed\/episode\/4qDVUszgsrBSz3YoqUe67X?utm_source=oembed\"><\/iframe>\n<\/div><figcaption class=\"wp-element-caption\"><br>V tejto epiz\u00f3de sa ponor\u00edme do t\u00e9my, ktor\u00e1 sp\u00e1ja po\u013enohospod\u00e1rstvo a v\u00fdrobu elektriny. Ak sa p\u00fdtate, \u010di je mo\u017en\u00e9 na tom istom pozemku s\u00fa\u010dasne pestova\u0165 plodiny a vyr\u00e1ba\u0165 sol\u00e1rnu energiu, ako aj \u010fal\u0161ie ot\u00e1zky v s\u00favislosti s t\u00fdmto du\u00e1lnym sp\u00f4sobom vyu\u017e\u00edvania po\u013enohospod\u00e1rskej p\u00f4dy, ste na spr\u00e1vnej adrese.<br><br>Spolu s&nbsp;<strong>J\u00e1nom Horv\u00e1thom<\/strong>&nbsp;z&nbsp;<strong>Enery<\/strong>&nbsp;si rozoberieme:<br>&#8211; \u010do agrovoltika vlastne je,<br>&#8211; ak\u00e9 s\u00fa jej v\u00fdhody aj nev\u00fdhody,<br>&#8211; ako je na tom Slovensko v porovnan\u00ed s in\u00fdmi krajinami.<br><br><strong>Video verziu<\/strong>&nbsp;podcastu si m\u00f4\u017eete pozrie\u0165&nbsp;<strong><a href=\"https:\/\/youtu.be\/WyLj5NBzFys\">HERE<\/a>.<\/strong><\/figcaption><\/figure>\n<\/div><\/div>\n\n\n\n<div class=\"wp-block-group spotify-block-group-nvas\"><div class=\"wp-block-group__inner-container is-layout-constrained wp-block-group-is-layout-constrained\">\n<h3 class=\"wp-block-heading\"><strong>M\u00e1jov\u00e9 vod\u00edkov\u00e9 novinky s Pe\u0165om Hegedu\u0161om<\/strong><\/h3>\n\n\n\n<figure class=\"wp-block-embed is-type-rich is-provider-spotify wp-block-embed-spotify\"><div class=\"wp-block-embed__wrapper\">\n<iframe title=\"Spotify Embed: M\u00e1jov\u00e9 vod\u00edkov\u00e9 novinky s Pe\u0165om Hegedu\u0161om\" style=\"border-radius: 12px\" width=\"100%\" height=\"152\" frameborder=\"0\" allowfullscreen allow=\"autoplay; clipboard-write; encrypted-media; fullscreen; picture-in-picture\" loading=\"lazy\" src=\"https:\/\/open.spotify.com\/embed\/episode\/1WIxMIg4dDNqoIPl0ms6Xk?utm_source=oembed\"><\/iframe>\n<\/div><figcaption class=\"wp-element-caption\">V tejto epiz\u00f3de sa s <strong>Pe\u0165om<\/strong> <strong>Hegedu\u0161om<\/strong> z <strong>NVAS<\/strong> porozpr\u00e1vame o novink\u00e1ch, ktor\u00e9 sa udiali v posledn\u00fdch mesiacoch \u010di u\u017e na Slovensku, alebo v na\u0161om regi\u00f3ne.<br>NVAS sa stala \u010dlenom APZD, bl\u00ed\u017ei sa 2.\u010ceskoslovensk\u00fd vod\u00edkov\u00fd workshop, projekt Ko\u0161ick\u00e9ho vod\u00edkov\u00e9ho \u00fadolia \u00faspe\u0161ne od\u0161tartoval a ve\u013ek\u00fdm \u00faspechom s\u00fa nov\u00e9 vod\u00edkov\u00e9 normy STN, EN a ISO.<br>Odpovieme tie\u017e na ot\u00e1zky, pre\u010do je vod\u00edk zo zemn\u00e9ho plynu st\u00e1le lacnej\u0161\u00ed ne\u017e ten zelen\u00fd a pre\u010do Eur\u00f3pa zaost\u00e1va v plnen\u00ed vod\u00edkov\u00fdch pl\u00e1nov.<br><br><strong>Video verziu<\/strong> podcastu si m\u00f4\u017eete pozrie\u0165 <a href=\"https:\/\/youtu.be\/C_kjdeJCYMk\"><strong>HERE<\/strong><\/a>.<\/figcaption><\/figure>\n<\/div><\/div>\n\n\n\n<div class=\"wp-block-group spotify-block-group-nvas\"><div class=\"wp-block-group__inner-container is-layout-constrained wp-block-group-is-layout-constrained\">\n<h3 class=\"wp-block-heading\"><strong>Energetick\u00e1 chudoba ohrozuje a\u017e 15 % dom\u00e1cnost\u00ed Slovenska<\/strong><\/h3>\n\n\n\n<figure class=\"wp-block-embed is-type-rich is-provider-spotify wp-block-embed-spotify\"><div class=\"wp-block-embed__wrapper\">\n<iframe title=\"Spotify Embed: Energetick\u00e1 chudoba ohrozuje a\u017e 15 % dom\u00e1cnost\u00ed Slovenska\" style=\"border-radius: 12px\" width=\"100%\" height=\"152\" frameborder=\"0\" allowfullscreen allow=\"autoplay; clipboard-write; encrypted-media; fullscreen; picture-in-picture\" loading=\"lazy\" src=\"https:\/\/open.spotify.com\/embed\/episode\/6sTKuNuju1khIPj4kUtkJV?utm_source=oembed\"><\/iframe>\n<\/div><figcaption class=\"wp-element-caption\"><strong>Du\u0161ana Dokupilov\u00e1<\/strong> zo <strong>Slovenskej akad\u00e9mie vied<\/strong> sa vo svojom v\u00fdskume venuje matematick\u00e9mu modelovaniu a predpovediam vo viacer\u00fdch oblastiach &#8211; \u017eivotnom prostred\u00ed, ekonomike, energetickej chudobe \u010di zmene kl\u00edmy. M\u0148a dnes zauj\u00edma najm\u00e4 stav, ke\u010f si dom\u00e1cnos\u0165 nem\u00f4\u017ee dovoli\u0165 dostato\u010dn\u00e9 mno\u017estvo energie na z\u00e1kladn\u00e9 \u017eivotn\u00e9 potreby ako s\u00fa vykurovanie, chladenie, osvetlenie \u010di varenie. Na Slovensku sa t\u00fdka toti\u017e a\u017e 15 % dom\u00e1cnost\u00ed, a nie v\u017edy sa jedn\u00e1 o dom\u00e1cnosti pr\u00edjmovo chudobn\u00e9.<br><br><strong>Video verziu<\/strong>&nbsp;podcastu si m\u00f4\u017eete pozrie\u0165&nbsp;<strong><a href=\"https:\/\/youtu.be\/Q0p-thqFuzQ\">HERE<\/a>.<\/strong><\/figcaption><\/figure>\n<\/div><\/div>\n\n\n\n<div class=\"wp-block-group spotify-block-group-nvas\"><div class=\"wp-block-group__inner-container is-layout-constrained wp-block-group-is-layout-constrained\">\n<h3 class=\"wp-block-heading\"><strong>H2GP: S vod\u00edkov\u00fdmi RC autami pretek\u00e1 u\u017e 12 slovensk\u00fdch \u0161k\u00f4l<\/strong><\/h3>\n\n\n\n<figure class=\"wp-block-embed is-type-rich is-provider-spotify wp-block-embed-spotify\"><div class=\"wp-block-embed__wrapper\">\n<iframe title=\"Spotify Embed: H2GP: S vod\u00edkov\u00fdmi RC autami pretek\u00e1 u\u017e 12 slovensk\u00fdch \u0161k\u00f4l\" style=\"border-radius: 12px\" width=\"100%\" height=\"152\" frameborder=\"0\" allowfullscreen allow=\"autoplay; clipboard-write; encrypted-media; fullscreen; picture-in-picture\" loading=\"lazy\" src=\"https:\/\/open.spotify.com\/embed\/episode\/01b9lKxeG4slBoAb3g37LX?utm_source=oembed\"><\/iframe>\n<\/div><figcaption class=\"wp-element-caption\"><strong>Bra\u0148o Hlinka<\/strong> a <strong>Erika Czingel<\/strong> z organiz\u00e1cie <strong>H2GP<\/strong> <strong>Slovakia<\/strong> n\u00e1m dnes porozpr\u00e1vaj\u00fa o sofistikovan\u00fdch pretekoch vod\u00edkov\u00fdch RC modelov.&nbsp;<br>\u017diaci stredn\u00fdch \u0161k\u00f4l najprv dostan\u00fa z\u00e1kladn\u00fa sadu, ktor\u00fa postupne upravuj\u00fa a spozn\u00e1vaj\u00fa tak, aby sa stali v\u00ed\u0165azn\u00fdm t\u00edmom 6-hodinov\u00fdch pretekov. V t\u00fdch treba dosiahnu\u0165 optim\u00e1lnu kombin\u00e1ciu n\u00edzkej hmotnosti, odoln\u00fdch materi\u00e1lov, atrakt\u00edvneho dizajnu a \u0161of\u00e9rskych schopnost\u00ed. <br>Z 12 slovensk\u00fdch t\u00edmov sa minul\u00fd t\u00fd\u017ede\u0148 tri stredn\u00e9 \u0161koly prebojovali do svetov\u00e9ho fin\u00e1le v nemeckom Chemnitzi. Dr\u017e\u00edme im palce!<br><br><strong>Video verziu<\/strong>&nbsp;podcastu si m\u00f4\u017eete pozrie\u0165&nbsp;<strong><a href=\"https:\/\/youtu.be\/42Daweqc3vs\">HERE<\/a>.<\/strong><\/figcaption><\/figure>\n<\/div><\/div>\n\n\n\n<div class=\"wp-block-group spotify-block-group-nvas\"><div class=\"wp-block-group__inner-container is-layout-constrained wp-block-group-is-layout-constrained\">\n<h3 class=\"wp-block-heading\"><strong>Pre\u010do elektrinu nepred\u00e1va priamo v\u00fdrobca alebo distribu\u010dn\u00e1 sie\u0165?<\/strong><\/h3>\n\n\n\n<figure class=\"wp-block-embed is-type-rich is-provider-spotify wp-block-embed-spotify\"><div class=\"wp-block-embed__wrapper\">\n<iframe title=\"Spotify Embed: Pre\u010do elektrinu nepred\u00e1va priamo v\u00fdrobca alebo distribu\u010dn\u00e1 sie\u0165?\" style=\"border-radius: 12px\" width=\"100%\" height=\"152\" frameborder=\"0\" allowfullscreen allow=\"autoplay; clipboard-write; encrypted-media; fullscreen; picture-in-picture\" loading=\"lazy\" src=\"https:\/\/open.spotify.com\/embed\/episode\/6hDuZWcU3U2DB7ftuzHLju?utm_source=oembed\"><\/iframe>\n<\/div><figcaption class=\"wp-element-caption\">Dnes budem spoveda\u0165&nbsp;<strong>Petra Kalmana z Greenlogy<\/strong>&nbsp;&#8211; slovensk\u00e9ho dod\u00e1vate\u013ea slovenskej elektrickej energie.<br>Greenlogy sa zameriava na predaj elektriny vyrobenej bezemisn\u00fdmi sp\u00f4sobmi. M\u0148a zauj\u00edma, pre\u010do elektrinu nepred\u00e1vaj\u00fa priamo elektr\u00e1rne alebo distribu\u010dn\u00e9 spolo\u010dnosti.<br><br>A tie\u017e sa dotkneme dlhodobo \u0165a\u017eko udr\u017eate\u013en\u00e9ho rozdielu trhovej ceny elektriny (aktu\u00e1lne okolo 120 eur \/ MWh) a regulovanej ceny pre dom\u00e1cnosti na polovi\u010dnej \u00farovni.<br><br><strong>Video verziu<\/strong>&nbsp;podcastu si m\u00f4\u017eete pozrie\u0165&nbsp;<strong><a href=\"https:\/\/www.youtube.com\/watch?v=5_FOIVVn9DY\">HERE<\/a>.<\/strong><\/figcaption><\/figure>\n<\/div><\/div>\n\n\n\n<div class=\"wp-block-group spotify-block-group-nvas\"><div class=\"wp-block-group__inner-container is-layout-constrained wp-block-group-is-layout-constrained\">\n<h3 class=\"wp-block-heading\"><strong>\u010co s nespotrebovanou zelenou energiou? Bat\u00e9rie vs. vod\u00edk.<\/strong><\/h3>\n\n\n\n<figure class=\"wp-block-embed is-type-rich is-provider-spotify wp-block-embed-spotify\"><div class=\"wp-block-embed__wrapper\">\n<iframe title=\"Spotify Embed: \u010co s nespotrebovanou zelenou energiou? Bat\u00e9rie vs. vod\u00edk.\" style=\"border-radius: 12px\" width=\"100%\" height=\"152\" frameborder=\"0\" allowfullscreen allow=\"autoplay; clipboard-write; encrypted-media; fullscreen; picture-in-picture\" loading=\"lazy\" src=\"https:\/\/open.spotify.com\/embed\/episode\/0pV6ZQIHh1ihmkt74x9ylR?utm_source=oembed\"><\/iframe>\n<\/div><figcaption class=\"wp-element-caption\"><strong>J\u00falius<\/strong> <strong>Sz\u00e1raz<\/strong> je odborn\u00edkom na elektromobilitu, fotovoltick\u00e9 syst\u00e9my, vietor, vodu, bat\u00e9riov\u00e9 \u00falo\u017eisk\u00e1 a zelen\u00fa energetiku v\u0161eobecne. Jeho firmy sa zaoberaj\u00fa komplexn\u00fdmi rie\u0161eniami, ktor\u00e9 umo\u017e\u0148uj\u00fa elektrinu bezuhl\u00edkovo nielen vyr\u00e1ba\u0165, ale aj odklada\u0165 na hor\u0161ie \u010dasy. A pr\u00e1ve tu nast\u00e1va zamyslenie, \u010di energiu uklada\u0165 do bat\u00e9ri\u00ed, alebo do vod\u00edka. Obe maj\u00fa svoje prednosti aj nedostatky.<\/figcaption><\/figure>\n\n\n\n<p><strong>Video verziu<\/strong> podcastu si m\u00f4\u017eete pozrie\u0165&nbsp;<a href=\"https:\/\/youtu.be\/MxbtwL6YKB0\">HERE<\/a>.<\/p>\n<\/div><\/div>\n\n\n\n<div class=\"wp-block-group spotify-block-group-nvas\"><div class=\"wp-block-group__inner-container is-layout-constrained wp-block-group-is-layout-constrained\">\n<h3 class=\"wp-block-heading\"><strong>Energetick\u00e9 komunity v \u010cesku s\u00fa na\u0161ou in\u0161pir\u00e1ciou<\/strong><\/h3>\n\n\n\n<figure class=\"wp-block-embed is-type-rich is-provider-spotify wp-block-embed-spotify\"><div class=\"wp-block-embed__wrapper\">\n<iframe title=\"Spotify Embed: Energetick\u00e9 komunity v \u010cesku s\u00fa na\u0161ou in\u0161pir\u00e1ciou\" style=\"border-radius: 12px\" width=\"100%\" height=\"152\" frameborder=\"0\" allowfullscreen allow=\"autoplay; clipboard-write; encrypted-media; fullscreen; picture-in-picture\" loading=\"lazy\" src=\"https:\/\/open.spotify.com\/embed\/episode\/4dthOv3qZS7YpdiYUCwUib?utm_source=oembed\"><\/iframe>\n<\/div><figcaption class=\"wp-element-caption\"><strong>Martin Ander<\/strong> m\u00e1 za sebou roky aktivizmu aj \u00faspe\u0161nej pr\u00e1ce na brnenskom magistr\u00e1te. Svoj \u010das dlhodobo venuje najm\u00e4 energetickej efektivite, aktu\u00e1lne ako konzultant v oblasti komunitnej energetiky v \u010deskom <strong>Zv\u00e4ze modernej energetiky<\/strong>.<br><br>Po kr\u00e1tkom zozn\u00e1men\u00ed sa pozrieme na energetick\u00e9 komunity od \u00fapln\u00e9ho po\u010diatku a\u017e po aktu\u00e1lny stav v \u010ceskej republike. Tam s\u00fa u\u017e na tento nov\u00fd fenom\u00e9n legislat\u00edvne pripraven\u00ed, energetick\u00e9 skupiny vznikaj\u00fa jedna za druhou a my sa z toho m\u00f4\u017eeme ve\u013ea nov\u00e9ho nau\u010di\u0165.<\/figcaption><\/figure>\n\n\n\n<p><strong>Video verziu<\/strong> podcastu si m\u00f4\u017eete pozrie\u0165&nbsp;<a href=\"https:\/\/www.youtube.com\/watch?v=tT6216KSudo\">HERE<\/a>.<\/p>\n<\/div><\/div>\n\n\n\n<div class=\"wp-block-group spotify-block-group-nvas\"><div class=\"wp-block-group__inner-container is-layout-constrained wp-block-group-is-layout-constrained\">\n<h3 class=\"wp-block-heading\"><strong>Potenci\u00e1l vod\u00edka na Slovensku<\/strong><\/h3>\n\n\n\n<figure class=\"wp-block-embed is-type-rich is-provider-spotify wp-block-embed-spotify\"><div class=\"wp-block-embed__wrapper\">\n<iframe title=\"Spotify Embed: Potenci\u00e1l vod\u00edka na Slovensku\" style=\"border-radius: 12px\" width=\"100%\" height=\"152\" frameborder=\"0\" allowfullscreen allow=\"autoplay; clipboard-write; encrypted-media; fullscreen; picture-in-picture\" loading=\"lazy\" src=\"https:\/\/open.spotify.com\/embed\/episode\/5hSfHn2uAzJ7dUqJ0sSicp?utm_source=oembed\"><\/iframe>\n<\/div><figcaption class=\"wp-element-caption\">Tento diel s <strong>Petrom Hegedu\u0161om z NVAS<\/strong> nahr\u00e1vame ako audio a video podcast s\u00fa\u010dasne. Preto sa trochu vr\u00e1time na \u00favod a zhrnieme si potenci\u00e1l vod\u00edka na Slovensku. Ako sa dnes vod\u00edk vyr\u00e1ba, kde sa sprac\u00fava a na \u010do sa vyu\u017e\u00edva. Pozrieme sa aj do bl\u00edzkej bud\u00facnosti a do sveta.<\/figcaption><\/figure>\n\n\n\n<p><strong>Video verziu<\/strong> podcastu si m\u00f4\u017eete pozrie\u0165&nbsp;<a href=\"https:\/\/www.youtube.com\/watch?v=znI7pL-QZe8\">HERE<\/a>.<\/p>\n<\/div><\/div>\n\n\n\n<div class=\"wp-block-group spotify-block-group-nvas\"><div class=\"wp-block-group__inner-container is-layout-constrained wp-block-group-is-layout-constrained\">\n<h3 class=\"wp-block-heading\"><strong>SAPI a NVAS bilancuj\u00fa rok 2024 a nestr\u00e1caj\u00fa optimizmus<\/strong><\/h3>\n\n\n\n<figure class=\"wp-block-embed is-type-rich is-provider-spotify wp-block-embed-spotify\"><div class=\"wp-block-embed__wrapper\">\n<iframe title=\"Spotify Embed: SAPI a NVAS bilancuj\u00fa rok 2024 a nestr\u00e1caj\u00fa optimizmus\" style=\"border-radius: 12px\" width=\"100%\" height=\"152\" frameborder=\"0\" allowfullscreen allow=\"autoplay; clipboard-write; encrypted-media; fullscreen; picture-in-picture\" loading=\"lazy\" src=\"https:\/\/open.spotify.com\/embed\/episode\/03ChR0RXp0MsIrNC3MCBdw?utm_source=oembed\"><\/iframe>\n<\/div><figcaption class=\"wp-element-caption\">Vedeli ste, \u017ee ro\u010dne sa v Eur\u00f3pe strat\u00ed a\u017e 18 mld. EUR vyp\u00ednan\u00edm vetern\u00fdch a sol\u00e1rnych elektr\u00e1rn\u00ed v \u010dase prebytku, pri\u010dom by vtedy mohli vyr\u00e1ba\u0165 napr\u00edklad vod\u00edk na hor\u0161ie \u010dasy? Aj o tom sme sa rozpr\u00e1vali s <strong>J\u00e1nom Karabom zo SAPI<\/strong> a <strong>J\u00e1nom Weitersch\u00fctzom z NVAS<\/strong>.<br><br>Pozreli sme sa nielen na rok 2024, ale aj do bl\u00edzkej bud\u00facnosti. Pre rozvoj vod\u00edka na Slovensku s\u00fa napr\u00edklad z\u00e1kladom integrovan\u00e9 rie\u0161enia zah\u0155\u0148aj\u00face v\u00fdrobu aj spotrebu. Potrebujeme desiatky a\u017e stovky autobusov, ktor\u00e9 bud\u00fa odobera\u0165 z elektrolyz\u00e9rov zelen\u00fd vod\u00edk, aby to cel\u00e9 d\u00e1valo zmysel. J\u00e1n Karaba v roku 2024 vyzdvihuje u\u013eah\u010denie stavieb mal\u00fdch vetern\u00fdch elektr\u00e1rn\u00ed ako jeden z ve\u013ek\u00fdch \u00faspechov uplynul\u00e9ho roka.<br><br>Do roku 2025 spolo\u010dne \u017eel\u00e1me obnovite\u013en\u00fdm zdrojom energie i vod\u00edku menej politik\u00e1r\u010denia a viac pragmatizmu. Na\u0161\u0165astie rozvoj technol\u00f3gi\u00ed hr\u00e1 v tejto oblasti prv\u00e9 husle.<\/figcaption><\/figure>\n<\/div><\/div>\n\n\n\n<div class=\"wp-block-group spotify-block-group-nvas\"><div class=\"wp-block-group__inner-container is-layout-constrained wp-block-group-is-layout-constrained\">\n<h3 class=\"wp-block-heading\"><strong>Vod\u00edk v Ko\u0161iciach u\u017e nebude len na papieri<\/strong><\/h3>\n\n\n\n<figure class=\"wp-block-embed is-type-rich is-provider-spotify wp-block-embed-spotify\"><div class=\"wp-block-embed__wrapper\">\n<iframe title=\"Spotify Embed: Vod\u00edk v Ko\u0161iciach u\u017e nebude len na papieri\" style=\"border-radius: 12px\" width=\"100%\" height=\"152\" frameborder=\"0\" allowfullscreen allow=\"autoplay; clipboard-write; encrypted-media; fullscreen; picture-in-picture\" loading=\"lazy\" src=\"https:\/\/open.spotify.com\/embed\/episode\/3C62LhgTU2mDzBl1DgtmkH?utm_source=oembed\"><\/iframe>\n<\/div><figcaption class=\"wp-element-caption\"><strong>Rastislav Trnka<\/strong> sa, ako <strong>ko\u0161ick\u00fd \u017eupan<\/strong>, zaober\u00e1 rozvojom vod\u00edkov\u00fdch technol\u00f3gi\u00ed od roku 2019. <strong>Ko\u0161ick\u00e1 V\u00daC<\/strong>-ka patr\u00ed v tomto smere k top eur\u00f3pskym regi\u00f3nom, pri\u010dom aktu\u00e1lne z\u00edskava mili\u00f3ny eur na prv\u00e9 vod\u00edkov\u00e9 projekty.<br><br>Buduj\u00fa prv\u00fd elektrolyz\u00e9r, \u010doskoro pl\u00e1nuj\u00fa obstara\u0165 vod\u00edkov\u00e9 autobusy a uva\u017euj\u00fa, ako vod\u00edk \u010do najefekt\u00edvnej\u0161ie vyrobi\u0165 zo slnka, vetra \u010di geoterm\u00e1lnej energie. Ve\u013ek\u00fd d\u00f4raz v Ko\u0161iciach klad\u00fa aj na rozvoj cirkul\u00e1rnej ekonomiky &#8211; skvalitnenie odpadov\u00e9ho hospod\u00e1rstva.<\/figcaption><\/figure>\n<\/div><\/div>\n\n\n\n<div class=\"wp-block-group spotify-block-group-nvas\"><div class=\"wp-block-group__inner-container is-layout-constrained wp-block-group-is-layout-constrained\">\n<h3 class=\"wp-block-heading\"><strong>Bezpe\u010dnos\u0165 fotovoltiky 2\/2 <\/strong><\/h3>\n\n\n\n<figure class=\"wp-block-embed is-type-rich is-provider-spotify wp-block-embed-spotify\"><div class=\"wp-block-embed__wrapper\">\n<iframe title=\"Spotify Embed: Bezpe\u010dnos\u0165 fotovoltiky 2\/2\" style=\"border-radius: 12px\" width=\"100%\" height=\"152\" frameborder=\"0\" allowfullscreen allow=\"autoplay; clipboard-write; encrypted-media; fullscreen; picture-in-picture\" loading=\"lazy\" src=\"https:\/\/open.spotify.com\/embed\/episode\/0ZFdPDqVSIkPSivCu14xKb?utm_source=oembed\"><\/iframe>\n<\/div><figcaption class=\"wp-element-caption\">Iba jeden po\u017eiar fotovoltick\u00fdch panelov z celkov\u00e9ho po\u010dtu 36, ktor\u00e9 u n\u00e1s eviduje hasi\u010dsk\u00fd a z\u00e1chrann\u00fd zbor za roky 2021, 2022 a 2023, sp\u00f4sobili fotovoltick\u00e9 panely. A\u017e tretinu po\u017eiarov fotovoltiky sp\u00f4sobili vady elektroin\u0161tal\u00e1cie.<br><br>Pridajte sa k diskusii s odborn\u00edkmi <strong>Martinom Flodrom z QEM<\/strong> a <strong>Martinom Hodekom z Huawei<\/strong>, kde preberieme, ako zabezpe\u010di\u0165, aby va\u0161a sol\u00e1rna energia bola bezpe\u010dn\u00e1 a efekt\u00edvna.<\/figcaption><\/figure>\n<\/div><\/div>\n\n\n\n<div class=\"wp-block-group spotify-block-group-nvas\"><div class=\"wp-block-group__inner-container is-layout-constrained wp-block-group-is-layout-constrained\">\n<h3 class=\"wp-block-heading\"><strong>Bezpe\u010dnos\u0165 fotovoltiky 1\/2<\/strong><\/h3>\n\n\n\n<figure class=\"wp-block-embed is-type-rich is-provider-spotify wp-block-embed-spotify\"><div class=\"wp-block-embed__wrapper\">\n<iframe title=\"Spotify Embed: Bezpe\u010dnos\u0165 fotovoltiky 1\/2\" style=\"border-radius: 12px\" width=\"100%\" height=\"152\" frameborder=\"0\" allowfullscreen allow=\"autoplay; clipboard-write; encrypted-media; fullscreen; picture-in-picture\" loading=\"lazy\" src=\"https:\/\/open.spotify.com\/embed\/episode\/6PDMz5sdSeITm05TXhrHCN?utm_source=oembed\"><\/iframe>\n<\/div><figcaption class=\"wp-element-caption\">Iba jeden po\u017eiar fotovoltick\u00fdch panelov z celkov\u00e9ho po\u010dtu 36, ktor\u00e9 u n\u00e1s eviduje hasi\u010dsk\u00fd a z\u00e1chrann\u00fd zbor za roky 2021, 2022 a 2023, sp\u00f4sobili fotovoltick\u00e9 panely. A\u017e tretinu po\u017eiarov fotovoltiky sp\u00f4sobili vady elektroin\u0161tal\u00e1cie.<br><br>Pridajte sa k diskusii s odborn\u00edkmi <strong>Martinom Flodrom z QEM<\/strong>&nbsp;a <strong>Martinom Hodekom z Huawei<\/strong>, kde preberieme, ako zabezpe\u010di\u0165, aby va\u0161a sol\u00e1rna energia bola bezpe\u010dn\u00e1 a efekt\u00edvna.<\/figcaption><\/figure>\n<\/div><\/div>\n\n\n\n<div class=\"wp-block-group spotify-block-group-nvas\"><div class=\"wp-block-group__inner-container is-layout-constrained wp-block-group-is-layout-constrained\">\n<h3 class=\"wp-block-heading\"><strong>SAPI novinky: Tak\u00e9 n\u00edzke ceny panelov sme tu e\u0161te nemali <\/strong><\/h3>\n\n\n\n<figure class=\"wp-block-embed is-type-rich is-provider-spotify wp-block-embed-spotify\"><div class=\"wp-block-embed__wrapper\">\n<iframe title=\"Spotify Embed: SAPI novinky: Tak\u00e9 n\u00edzke ceny panelov sme tu e\u0161te nemali\" style=\"border-radius: 12px\" width=\"100%\" height=\"152\" frameborder=\"0\" allowfullscreen allow=\"autoplay; clipboard-write; encrypted-media; fullscreen; picture-in-picture\" loading=\"lazy\" src=\"https:\/\/open.spotify.com\/embed\/episode\/3rhQeWwKIM121S3idDTBpS?utm_source=oembed\"><\/iframe>\n<\/div><figcaption class=\"wp-element-caption\">Fotovoltick\u00e9 panely s\u00fa dnes najlacnej\u0161ie v hist\u00f3rii. Oplat\u00ed sa k\u00fapi\u0165 si ich investi\u010dne, takpovediac do z\u00e1soby? Aj o tom sa v tejto epiz\u00f3de podcastu Energia zajtraj\u0161ka budeme rozpr\u00e1va\u0165 s <strong>J\u00e1nom Karabom<\/strong> zo <strong>SAPI<\/strong>. V podcaste sa dozviete viac o:<br><br>\u2705 aktivit\u00e1ch SAPI vr\u00e1tane exkurzie pre novin\u00e1rov a n\u00e1rodn\u00e9ho workshopu na t\u00e9mu energetick\u00fdch komun\u00edt,<br>\u2705 raste cien fotovoltick\u00fdch panelov a nov\u00fdch technol\u00f3gi\u00e1ch v oblasti panelov a<br>\u2705 potenci\u00e1li a bari\u00e9rach rozvoja veternej energie na Slovensku a pl\u00e1novan\u00fdch zmen\u00e1ch v programoch podpory.\n<\/figcaption><\/figure>\n<\/div><\/div>\n\n\n\n<div class=\"wp-block-group spotify-block-group-nvas\"><div class=\"wp-block-group__inner-container is-layout-constrained wp-block-group-is-layout-constrained\">\n<h3 class=\"wp-block-heading\"><strong>Vod\u00edkov\u00e9 novinky: finan\u010dn\u00e1 podpora elektrolyz\u00e9rov aj vod\u00edkov\u00fdch \u010derpa\u010diek<\/strong><\/h3>\n\n\n\n<figure class=\"wp-block-embed is-type-rich is-provider-spotify wp-block-embed-spotify\"><div class=\"wp-block-embed__wrapper\">\n<iframe title=\"Spotify Embed: Vod\u00edkov\u00e9 novinky: finan\u010dn\u00e1 podpora elektrolyz\u00e9rov aj vod\u00edkov\u00fdch \u010derpa\u010diek\" style=\"border-radius: 12px\" width=\"100%\" height=\"152\" frameborder=\"0\" allowfullscreen allow=\"autoplay; clipboard-write; encrypted-media; fullscreen; picture-in-picture\" loading=\"lazy\" src=\"https:\/\/open.spotify.com\/embed\/episode\/2J70Z3PUyB2liO7ZHKNrJP?utm_source=oembed\"><\/iframe>\n<\/div><figcaption class=\"wp-element-caption\">S <strong>Petrom Hegedu\u0161om<\/strong> z <strong>NVAS<\/strong> preberieme nieko\u013eko \u010derstv\u00fdch udalost\u00ed. Za\u010dneme apelom NVAS na vl\u00e1du, spomenieme mesto, ktor\u00e9 ide primie\u0161ava\u0165 zelen\u00fd vod\u00edk do plynu aj automobilku, ktor\u00e1 polovicu n\u00e1kladn\u00e9ho auta vyrob\u00ed bez emisi\u00ed.<br><br>\u2705 Pre\u010do na Slovensku viazne podpora obnovite\u013en\u00fdch zdrojov energie, ktor\u00e9 s\u00fa z\u00e1kladom pre budovanie vod\u00edkov\u00e9ho hospod\u00e1rstva?<br>\u2705 Poc\u00edtime v dom\u00e1cnostiach primie\u0161anie vod\u00edka do plynu? Je to bezpe\u010dn\u00e9?<br>\u2705 Volvo objavilo jednu z naj\u00fa\u010dinnej\u0161\u00edch ciest, ako zn\u00ed\u017ei\u0165 uhl\u00edkov\u00fa stopu pri v\u00fdrobe n\u00e1kladn\u00fdch a\u00fat a autobusov. Ak\u00fa \u00falohu v tom hr\u00e1 vod\u00edk?<\/figcaption><\/figure>\n<\/div><\/div>\n\n\n\n<div class=\"wp-block-group spotify-block-group-nvas\"><div class=\"wp-block-group__inner-container is-layout-constrained wp-block-group-is-layout-constrained\">\n<h3 class=\"wp-block-heading\"><strong>Dve tretiny rodinn\u00fdch domov potrebuj\u00fa nejak\u00fa formu obnovy<\/strong><\/h3>\n\n\n\n<figure class=\"wp-block-embed is-type-rich is-provider-spotify wp-block-embed-spotify\"><div class=\"wp-block-embed__wrapper\">\n<iframe title=\"Spotify Embed: Dve tretiny rodinn\u00fdch domov potrebuj\u00fa nejak\u00fa formu obnovy\" style=\"border-radius: 12px\" width=\"100%\" height=\"152\" frameborder=\"0\" allowfullscreen allow=\"autoplay; clipboard-write; encrypted-media; fullscreen; picture-in-picture\" loading=\"lazy\" src=\"https:\/\/open.spotify.com\/embed\/episode\/11B5xaToYicNaWLmNVsXn9?utm_source=oembed\"><\/iframe>\n<\/div><figcaption class=\"wp-element-caption\">&#8220;Infra\u0161trukt\u00faru krajiny netvoria len dia\u013enice, \u017eeleznice \u010di vodovody, ale aj budovy, v ktor\u00fdch tr\u00e1vime \u010das, b\u00fdvame, chod\u00edme do \u0161koly, lie\u010dime sa,&#8221; hovor\u00ed <strong>Peter Robl<\/strong> z mimovl\u00e1dnej organiz\u00e1cie <strong>Budovy pre bud\u00facnos\u0165.<\/strong><br><br>V najnov\u0161ej epiz\u00f3de podcastu &#8220;Energia zajtraj\u0161ka&#8221; sa tak bude diskutova\u0165 o podpore \u0161t\u00e1tu a E\u00da pri obnove budov s cie\u013eom zlep\u0161i\u0165 ich energetick\u00fa efekt\u00edvnos\u0165 a zmierni\u0165 emisie.<\/figcaption><\/figure>\n<\/div><\/div>\n\n\n\n<div class=\"wp-block-group spotify-block-group-nvas\"><div class=\"wp-block-group__inner-container is-layout-constrained wp-block-group-is-layout-constrained\">\n<h3 class=\"wp-block-heading\"><strong>Po lietaj\u00facom aute vznikne na Slovensku vod\u00edkov\u00e9 lietadlo<\/strong><\/h3>\n\n\n\n<figure class=\"wp-block-embed is-type-rich is-provider-spotify wp-block-embed-spotify\"><div class=\"wp-block-embed__wrapper\">\n<iframe title=\"Spotify Embed: Po lietaj\u00facom aute vznikne na Slovensku vod\u00edkov\u00e9 lietadlo\" style=\"border-radius: 12px\" width=\"100%\" height=\"152\" frameborder=\"0\" allowfullscreen allow=\"autoplay; clipboard-write; encrypted-media; fullscreen; picture-in-picture\" loading=\"lazy\" src=\"https:\/\/open.spotify.com\/embed\/episode\/1GzXixQj2zhyktqgti4MLR?si=E860wR5NQM2BirW7d8xLIA&amp;nd=1&amp;dlsi=7658b4d30d294445&amp;utm_source=oembed\"><\/iframe>\n<\/div><figcaption class=\"wp-element-caption\">Slovensk\u00e1 firma Tomark vyv\u00edja \u00faplne nov\u00fd vod\u00edkov\u00fd stroj, ktor\u00fd vzlietne aj pristane vertik\u00e1lne. Ke\u010f\u017ee na jeho v\u00fdvoj maj\u00fa pris\u013e\u00faben\u00fa podporu 60 mil. eur, celkom ur\u010dite neostane len pri snoch. Viac n\u00e1m o tom porozpr\u00e1val <strong>Martin Sedl\u00e1k <\/strong>z div\u00edzie<strong> Tomark Proton.<\/strong><\/figcaption><\/figure>\n<\/div><\/div>\n\n\n\n<div class=\"wp-block-group spotify-block-group-nvas\"><div class=\"wp-block-group__inner-container is-layout-constrained wp-block-group-is-layout-constrained\">\n<h3 class=\"wp-block-heading\"><strong>Slovensk\u00fdm dia\u013eniciam ch\u00fdbaj\u00fa desiatky r\u00fdchlych nab\u00edja\u010diek<\/strong><\/h3>\n\n\n\n<figure class=\"wp-block-embed is-type-rich is-provider-spotify wp-block-embed-spotify\"><div class=\"wp-block-embed__wrapper\">\n<iframe title=\"Spotify Embed: Slovensk\u00fdm dia\u013eniciam ch\u00fdbaj\u00fa desiatky r\u00fdchlych nab\u00edja\u010diek\" style=\"border-radius: 12px\" width=\"100%\" height=\"152\" frameborder=\"0\" allowfullscreen allow=\"autoplay; clipboard-write; encrypted-media; fullscreen; picture-in-picture\" loading=\"lazy\" src=\"https:\/\/open.spotify.com\/embed\/episode\/65bNTaWL2sShYcbynKb5F2?utm_source=oembed\"><\/iframe>\n<\/div><figcaption class=\"wp-element-caption\">Ko\u013eko m\u00e1me na Slovensku verejn\u00fdch nab\u00edja\u010diek? Pre\u010do sme v predajoch elektromobilov na chvoste E\u00da? Aj o tom sa budeme rozpr\u00e1va\u0165 s <strong>Patrikom Kri\u017eansk\u00fdm, riadite\u013eom&nbsp;SEVA &#8211; Slovak Electric Vehicle Association<\/strong>.<\/figcaption><\/figure>\n<\/div><\/div>\n\n\n\n<div class=\"wp-block-group spotify-block-group-nvas\"><div class=\"wp-block-group__inner-container is-layout-constrained wp-block-group-is-layout-constrained\">\n<h3 class=\"wp-block-heading\"><strong>Slovensko berie vod\u00edk st\u00e1le v\u00e1\u017ene<\/strong><\/h3>\n\n\n\n<figure class=\"wp-block-embed is-type-rich is-provider-spotify wp-block-embed-spotify\"><div class=\"wp-block-embed__wrapper\">\n<iframe title=\"Spotify Embed: Slovensko berie vod\u00edk st\u00e1le v\u00e1\u017ene\" style=\"border-radius: 12px\" width=\"100%\" height=\"152\" frameborder=\"0\" allowfullscreen allow=\"autoplay; clipboard-write; encrypted-media; fullscreen; picture-in-picture\" loading=\"lazy\" src=\"https:\/\/open.spotify.com\/embed\/episode\/0qfXZto4VQoZJRR1g6lawK?si=ovX6Ep7uTpqE0j9-AGznBg&amp;nd=1&amp;dlsi=4d92f5a597154e68&amp;utm_source=oembed\"><\/iframe>\n<\/div><figcaption class=\"wp-element-caption\">S profesorom <strong>Jurajom Sinayom<\/strong>, ktor\u00fd aktu\u00e1lne p\u00f4sob\u00ed ako <strong>poradca \u0161t\u00e1tneho tajomn\u00edka<\/strong> Kamila \u0160a\u0161ka pre vod\u00edkov\u00e9 technol\u00f3gie, sa dnes rozpr\u00e1vame o tom, ako je na tom slovensk\u00fd ak\u010dn\u00fd pl\u00e1n pre lep\u0161ie vyu\u017eitie vod\u00edka v na\u0161om hospod\u00e1rstve. \u010co pre rozvoj vod\u00edkovej ekonomiky rob\u00edme a kde by sme mali prida\u0165?<\/figcaption><\/figure>\n<\/div><\/div>\n\n\n\n<div class=\"wp-block-group spotify-block-group-nvas\"><div class=\"wp-block-group__inner-container is-layout-constrained wp-block-group-is-layout-constrained\">\n<h3 class=\"wp-block-heading\"><strong>M\u00e1 zmysel bat\u00e9riov\u00e9 \u00falo\u017eisko v dom\u00e1cnostiach s fotovoltikou?<\/strong><\/h3>\n\n\n\n<figure class=\"wp-block-embed is-type-rich is-provider-spotify wp-block-embed-spotify\"><div class=\"wp-block-embed__wrapper\">\n<iframe title=\"Spotify Embed: M\u00e1 zmysel bat\u00e9riov\u00e9 \u00falo\u017eisko v dom\u00e1cnostiach s fotovoltikou?\" style=\"border-radius: 12px\" width=\"100%\" height=\"152\" frameborder=\"0\" allowfullscreen allow=\"autoplay; clipboard-write; encrypted-media; fullscreen; picture-in-picture\" loading=\"lazy\" src=\"https:\/\/open.spotify.com\/embed\/episode\/3jUljUPfp8DZwU1y9YNyTE?utm_source=oembed\"><\/iframe>\n<\/div><figcaption class=\"wp-element-caption\">Dnes sa s <strong>Martinom Hodekom<\/strong> zo spolo\u010dnosti <strong>Huawei<\/strong> pozrieme na nov\u00e9 bat\u00e9riov\u00e9 \u00falo\u017eisko Luna 2000 S1, porovn\u00e1me ho nielen s minulou gener\u00e1ciou S0, ale aj s konkurenciou. Tento diel preto odpor\u00fa\u010dame v\u0161etk\u00fdm, ktor\u00fdch zauj\u00edmaj\u00fa aktu\u00e1lne bat\u00e9riov\u00e9 \u00falo\u017eisk\u00e1 pre dom\u00e1cnosti.<\/figcaption><\/figure>\n<\/div><\/div>\n\n\n\n<div class=\"wp-block-group spotify-block-group-nvas\"><div class=\"wp-block-group__inner-container is-layout-constrained wp-block-group-is-layout-constrained\">\n<h3 class=\"wp-block-heading\"><strong>Geoterm\u00e1lny potenci\u00e1l Slovenska vyu\u017e\u00edvame len na 1%<\/strong><\/h3>\n\n\n\n<figure class=\"wp-block-embed is-type-rich is-provider-spotify wp-block-embed-spotify\"><div class=\"wp-block-embed__wrapper\">\n<iframe title=\"Spotify Embed: Geoterm\u00e1lny potenci\u00e1l Slovenska vyu\u017e\u00edvame len na 1 %\" style=\"border-radius: 12px\" width=\"100%\" height=\"152\" frameborder=\"0\" allowfullscreen allow=\"autoplay; clipboard-write; encrypted-media; fullscreen; picture-in-picture\" loading=\"lazy\" src=\"https:\/\/open.spotify.com\/embed\/episode\/05enYSl9oSNzZmFmU6OkMT?utm_source=oembed\"><\/iframe>\n<\/div><figcaption class=\"wp-element-caption\">Geoterm\u00e1lna energia m\u00e1 na Slovensku obrovsk\u00fd potenci\u00e1l, no jej vyu\u017eitie je prekvapivo n\u00edzke. S <strong>Michalom Ma\u0161ekom<\/strong> zo spolo\u010dnosti <strong>PW Energy<\/strong>&nbsp;sa budeme rozpr\u00e1va\u0165 o mo\u017enom vyu\u017eit\u00ed hor\u00facich v\u00f4d hlboko pod \u017diarom nad Hronom \u010di Pre\u0161ovom nielen na vykurovanie, ale aj na v\u00fdrobu elektrickej energie.<\/figcaption><\/figure>\n<\/div><\/div>\n\n\n\n<div class=\"wp-block-group spotify-block-group-nvas\"><div class=\"wp-block-group__inner-container is-layout-constrained wp-block-group-is-layout-constrained\">\n<h3 class=\"wp-block-heading\"><strong>Slovensk\u00e9 elektr\u00e1rne oslavuj\u00fa 100% v\u00fdroby elektriny bez priamych emisi\u00ed<\/strong><\/h3>\n\n\n\n<figure class=\"wp-block-embed is-type-rich is-provider-spotify wp-block-embed-spotify\"><div class=\"wp-block-embed__wrapper\">\n<iframe title=\"Spotify Embed: Slovensk\u00e9 elektr\u00e1rne oslavuj\u00fa 100 % v\u00fdroby elektriny bez priamych emisi\u00ed\" style=\"border-radius: 12px\" width=\"100%\" height=\"152\" frameborder=\"0\" allowfullscreen allow=\"autoplay; clipboard-write; encrypted-media; fullscreen; picture-in-picture\" loading=\"lazy\" src=\"https:\/\/open.spotify.com\/embed\/episode\/4MuiFsfxFuJqigFeYOnXnT?si=8c5d24a9cca647b4&amp;nd=1&amp;dlsi=4d9f98e5f33e476f&amp;utm_source=oembed\"><\/iframe>\n<\/div><figcaption class=\"wp-element-caption\">Pod\u013ea Financial Times s\u00fa Slovensk\u00e9 elektr\u00e1rne&nbsp;trojn\u00e1sobn\u00fdm eur\u00f3pskym klimatick\u00fdm l\u00eddrom. Ako tento trend vyzer\u00e1 v realite a ak\u00e9 aktivity pl\u00e1nuju elektr\u00e1rne v oblasti zelen\u00e9ho vod\u00edka?<br><br>Vypo\u010dujte si nov\u00fd diel podcastu Energia zajtraj\u0161ka s <strong>R\u00f3bertom Jambrichom, mana\u017e\u00e9rom pre medzin\u00e1rodn\u00e9 vz\u0165ahy, z\u00e1le\u017eitosti E\u00da a \u017eivotn\u00e9 prostredie (Slovensk\u00e9 elektr\u00e1rne)<\/strong>.<\/figcaption><\/figure>\n<\/div><\/div>\n\n\n\n<div class=\"wp-block-group spotify-block-group-nvas\"><div class=\"wp-block-group__inner-container is-layout-constrained wp-block-group-is-layout-constrained\">\n<h3 class=\"wp-block-heading\"><strong>Vod\u00edkov\u00e9 novinky: slovensk\u00e9 vod\u00edkov\u00e9 autobusy, \u0161v\u00e9dska zelen\u00e1 \u017eeleziare\u0148 a japonsk\u00fd e-met\u00e1n<\/strong><\/h3>\n\n\n\n<figure class=\"wp-block-embed is-type-rich is-provider-spotify wp-block-embed-spotify\"><div class=\"wp-block-embed__wrapper\">\n<iframe title=\"Spotify Embed: Vod\u00edkov\u00e9 novinky: slovensk\u00e9 vod\u00edkov\u00e9 autobusy, \u0161v\u00e9dska zelen\u00e1 \u017eeleziare\u0148 a japonsk\u00fd e-met\u00e1n\" style=\"border-radius: 12px\" width=\"100%\" height=\"152\" frameborder=\"0\" allowfullscreen allow=\"autoplay; clipboard-write; encrypted-media; fullscreen; picture-in-picture\" loading=\"lazy\" src=\"https:\/\/open.spotify.com\/embed\/episode\/5W78m82ZKF9qja5boRZZp6?si=LhG2QnA6T6SHxYVrvChbTg&amp;nd=1&amp;dlsi=f9b4fe7d14334ca6&amp;utm_source=oembed\"><\/iframe>\n<\/div><figcaption class=\"wp-element-caption\">S <strong>Pe\u0165om Hegedu\u0161om<\/strong> z&nbsp;<strong>NVAS<\/strong> sme sa rozpr\u00e1vali o hor\u00facich vod\u00edkov\u00fdch novink\u00e1ch. V podcaste sa dozviete viac o:<br><br>\u2705 podpore elektrolyz\u00e9rov,<br>\u2705 slovensk\u00fdch autobusoch s vod\u00edkov\u00fdm pohonom,<br>\u2705 pripravovanej zelenej \u017eeleziarni vo \u0160v\u00e9dsku so zvu\u010dn\u00fdmi investormi,<br>\u2705 japonskom zelenom met\u00e1ne vyrobenom spojen\u00edm CO2 zo vzduchu so zelen\u00fdm vod\u00edkom,<br>\u2705 pripravovan\u00fdch \u00fa\u010dastiach NVAS na vod\u00edkov\u00e1ch podujatiach&nbsp;v Saudskej Ar\u00e1bii a Holandsku.<\/figcaption><\/figure>\n<\/div><\/div>\n\n\n\n<div class=\"wp-block-group spotify-block-group-nvas\"><div class=\"wp-block-group__inner-container is-layout-constrained wp-block-group-is-layout-constrained\">\n<h3 class=\"wp-block-heading\"><strong>Vyu\u017eitie bat\u00e9ri\u00ed v energetike na Slovensku 2\/2<\/strong><\/h3>\n\n\n\n<figure class=\"wp-block-embed is-type-rich is-provider-spotify wp-block-embed-spotify\"><div class=\"wp-block-embed__wrapper\">\n<iframe title=\"Spotify Embed: Vyu\u017eitie bat\u00e9ri\u00ed v energetike na\u00a0Slovensku 2\/2\" style=\"border-radius: 12px\" width=\"100%\" height=\"152\" frameborder=\"0\" allowfullscreen allow=\"autoplay; clipboard-write; encrypted-media; fullscreen; picture-in-picture\" loading=\"lazy\" src=\"https:\/\/open.spotify.com\/embed\/episode\/0eyoHAGDdwSvF6x0nV7zgQ?utm_source=oembed\"><\/iframe>\n<\/div><figcaption class=\"wp-element-caption\">Vitajte pri druhej \u010dasti podcastu zameranom na bat\u00e9riov\u00fd priemysel. V \u0161t\u00fadiu v\u00edtame <strong>Mari\u00e1na Smika<\/strong>, ktor\u00fd sa od obchodu s uhl\u00edm cez plyn a bio paliv\u00e1 vypracoval k <strong>Slovak Battery Alliance<\/strong>&nbsp;a spolo\u010dnosti <strong>GreenBat<\/strong>.<br><br>V podcaste sa dozviete, \u010di v\u00fdrobcovia elektriny vyu\u017e\u00edvaj\u00fa bat\u00e9riov\u00e9 \u00falo\u017eisk\u00e1, ako je to s recykl\u00e1ciou bat\u00e9ri\u00ed alebo \u010di bud\u00fa ma\u0165 bat\u00e9rie v E\u00da digit\u00e1lny pas a \u010do to presne znamen\u00e1.<\/figcaption><\/figure>\n<\/div><\/div>\n\n\n\n<div class=\"wp-block-group spotify-block-group-nvas\"><div class=\"wp-block-group__inner-container is-layout-constrained wp-block-group-is-layout-constrained\">\n<h3 class=\"wp-block-heading\"><strong>Vyu\u017eitie bat\u00e9ri\u00ed v energetike na Slovensku 1\/2<\/strong><\/h3>\n\n\n\n<figure class=\"wp-block-embed is-type-rich is-provider-spotify wp-block-embed-spotify\"><div class=\"wp-block-embed__wrapper\">\n<iframe title=\"Spotify Embed: Vyu\u017eitie bat\u00e9ri\u00ed v energetike na\u00a0Slovensku 1\/2\" style=\"border-radius: 12px\" width=\"100%\" height=\"152\" frameborder=\"0\" allowfullscreen allow=\"autoplay; clipboard-write; encrypted-media; fullscreen; picture-in-picture\" loading=\"lazy\" src=\"https:\/\/open.spotify.com\/embed\/episode\/67FEJAnJ2VGcl4YpWlsAOi?utm_source=oembed\"><\/iframe>\n<\/div><figcaption class=\"wp-element-caption\">V dne\u0161nom vydan\u00ed sa budeme venova\u0165 bat\u00e9riov\u00e9mu priemyslu. V \u0161t\u00fadiu v\u00edtame <strong>Mari\u00e1na Smika<\/strong>, ktor\u00fd sa od obchodu s uhl\u00edm cez plyn a bio paliv\u00e1 vypracoval k <strong>Slovak Battery Alliance<\/strong>&nbsp;a spolo\u010dnosti <strong>GreenBat<\/strong>.<br><br>Podpora energetick\u00fdch \u00falo\u017e\u00edsk je aj s\u00fa\u010das\u0165ou opatren\u00ed European Green Deal, ktor\u00fdmi smeruje \u00fania ku karb\u00f3novej neutralite do roku 2050. Ako v tomto smere postupuje Slovensko a E\u00da?<\/figcaption><\/figure>\n<\/div><\/div>\n\n\n\n<div class=\"wp-block-group spotify-block-group-nvas\"><div class=\"wp-block-group__inner-container is-layout-constrained wp-block-group-is-layout-constrained\">\n<h3 class=\"wp-block-heading\"><strong>Digitaliz\u00e1cia v energetike<\/strong><\/h3>\n\n\n\n<figure class=\"wp-block-embed is-type-rich is-provider-spotify wp-block-embed-spotify\"><div class=\"wp-block-embed__wrapper\">\n<iframe title=\"Spotify Embed: Digitaliz\u00e1cia v energetike\" style=\"border-radius: 12px\" width=\"100%\" height=\"152\" frameborder=\"0\" allowfullscreen allow=\"autoplay; clipboard-write; encrypted-media; fullscreen; picture-in-picture\" loading=\"lazy\" src=\"https:\/\/open.spotify.com\/embed\/episode\/64dq1uoGUxacuuFUAIsd38?utm_source=oembed\"><\/iframe>\n<\/div><figcaption class=\"wp-element-caption\">Digitaliz\u00e1cia v energetike transformuje tradi\u010dn\u00e9 energetick\u00e9 syst\u00e9my na inteligentn\u00e9 siete, zvy\u0161uje efektivitu, zlep\u0161uje riadenie zdrojov a podporuje integr\u00e1ciu obnovite\u013en\u00fdch zdrojov energie. O tom, ak\u00fd je aktu\u00e1lny stav digitaliz\u00e1cie energetiky na Slovensku a ak\u00e1 je jej bud\u00facnos\u0165, pri\u0161iel do \u010fal\u0161ieho dielu podcastu Energia Zajtraj\u0161ka porozpr\u00e1va\u0165 <strong>Libor L\u00e1zni\u010dka, \u010dlen v\u00fdkonn\u00e9ho v\u00fdboru SAPI<\/strong>, ktor\u00fd dlh\u00e9 roky p\u00f4sobil v IT spolo\u010dnosti SF\u00c9RA ako riadite\u013e \u00faseku v\u00fdvoja. V podcaste sa dozviete:<br><br>\u2705 D\u00e1 sa v\u00f4bec informatiz\u00e1cia, obchodovanie a hospod\u00e1renie s energiami zjednodu\u0161i\u0165?<br>\u2705 S\u00fa d\u00e1ta z energetiky d\u00f4le\u017eit\u00e9 pre be\u017en\u00fdch \u013eud\u00ed?<br>\u2705 Nie je efekt\u00edvnej\u0161ie, aby jednotlivec \u010di firma obchodoval s dod\u00e1vate\u013eom elektrickej energie individu\u00e1lne?<br>\u2705 \u010co sa dnes odpor\u00fa\u010da be\u017en\u00e9mu z\u00e1kazn\u00edkovi, aby si na\u0161tudoval v oblasti v\u00fdroby a spotreby elektrickej energie?<\/figcaption><\/figure>\n<\/div><\/div>\n\n\n\n<div class=\"wp-block-group spotify-block-group-nvas\"><div class=\"wp-block-group__inner-container is-layout-constrained wp-block-group-is-layout-constrained\">\n<h3 class=\"wp-block-heading\"><strong>Prest\u00e1va Slovensko ignorova\u0165 vetern\u00fa energiu?<\/strong><\/h3>\n\n\n\n<figure class=\"wp-block-embed is-type-rich is-provider-spotify wp-block-embed-spotify\"><div class=\"wp-block-embed__wrapper\">\n<iframe title=\"Spotify Embed: Prest\u00e1va Slovensko ignorova\u0165 vetern\u00fa energiu?\" style=\"border-radius: 12px\" width=\"100%\" height=\"152\" frameborder=\"0\" allowfullscreen allow=\"autoplay; clipboard-write; encrypted-media; fullscreen; picture-in-picture\" loading=\"lazy\" src=\"https:\/\/open.spotify.com\/embed\/episode\/6LimFhPztdCdMjlBykaI8j?utm_source=oembed\"><\/iframe>\n<\/div><figcaption class=\"wp-element-caption\"><strong>J\u00e1n Lacko, projektov\u00fd mana\u017e\u00e9r v spolo\u010dnosti WSB Invest a \u010dlen v\u00fdkonn\u00e9ho v\u00fdboru SAPI<\/strong>, posluch\u00e1\u010dom v tejto epiz\u00f3de podcastu Energia zajtraj\u0161ka ozrejm\u00ed, ak\u00fd potenci\u00e1l maj\u00fa vetern\u00e9 elektr\u00e1rne na Slovensku.<br>Zatia\u013e ich vyu\u017e\u00edvame len minim\u00e1lne, ale to by sa malo v bl\u00edzkej dobe zmeni\u0165. Preberieme aj v\u00fdhody a rizik\u00e1 turb\u00edn s priemerom 160 metrov, ktor\u00e9 dok\u00e1\u017eu pekne dop\u013a\u0148a\u0165 v\u00fdrobu elektrickej energie z jadra, \u010di vody a slnka. J\u00e1n Lacko tie\u017e prezrad\u00ed:<br><br>\u2705 Ak\u00e9 s\u00fa re\u00e1lne dopady vetern\u00fdch turb\u00edn na \u017eivotn\u00e9 prostredie?<br>\u2705 Je mo\u017en\u00e9 tieto turb\u00edny recyklova\u0165?<br>\u2705 Ako je to s mal\u00fdmi, dom\u00e1cimi vetern\u00fdmi elektr\u00e1r\u0148ami?<br>\u2705 Oplatia sa pri vetern\u00fdch elektr\u00e1r\u0148ach v na\u0161ich podmienkach aj bat\u00e9riov\u00e9 \u00falo\u017eisk\u00e1, alebo existuj\u00fa aj in\u00e9 rozumn\u00e9 rie\u0161enia na vyv\u00e1\u017eenie rozdielov v po\u010das\u00ed?<\/figcaption><\/figure>\n<\/div><\/div>\n\n\n\n<div class=\"wp-block-group spotify-block-group-nvas\"><div class=\"wp-block-group__inner-container is-layout-constrained wp-block-group-is-layout-constrained\">\n<h3 class=\"wp-block-heading\"><strong>U. S. Steel Ko\u0161ice: Dekarboniz\u00e1cia v\u00fdroby ocele je ve\u013ekou \u0161ancou pre vod\u00edk<\/strong><\/h3>\n\n\n\n<figure class=\"wp-block-embed is-type-rich is-provider-spotify wp-block-embed-spotify\"><div class=\"wp-block-embed__wrapper\">\n<iframe title=\"Spotify Embed: U. S. Steel Ko\u0161ice: Dekarboniz\u00e1cia v\u00fdroby ocele je ve\u013ekou \u0161ancou pre vod\u00edk\" style=\"border-radius: 12px\" width=\"100%\" height=\"152\" frameborder=\"0\" allowfullscreen allow=\"autoplay; clipboard-write; encrypted-media; fullscreen; picture-in-picture\" loading=\"lazy\" src=\"https:\/\/open.spotify.com\/embed\/episode\/5MFMXSvAXoLg4Mg5flRmO0?si=f57d174fc8304b65&amp;nd=1&amp;dlsi=b111601f21a244b8&amp;utm_source=oembed\"><\/iframe>\n<\/div><figcaption class=\"wp-element-caption\">Dekarboniz\u00e1cia v\u00fdroby ocele je ve\u013ekou \u0161ancou pre vod\u00edk. Ako sa oce\u013e v s\u00fa\u010dasnosti v U. S. Steel Ko\u0161ice vyr\u00e1ba a \u010di s\u00fa u\u017e zn\u00e1me pl\u00e1ny Nippon Steel Corporation &#8211; bud\u00faceho japonsk\u00e9ho vlastn\u00edka \u017eeleziarn\u00ed s ozelenen\u00edm v\u00fdroby ocele, o tom viac povie <strong>Juraj Sabol, gener\u00e1lny mana\u017e\u00e9r pre strat\u00e9giu U. S. Steel Ko\u0161ice<\/strong>. V podcaste sa dozviete:<br><br>\u2705 Ako presne m\u00f4\u017ee vod\u00edk dekarbonizova\u0165 v\u00fdrobu ocele?<br>\u2705 \u010co pre to treba urobi\u0165, aby sa to do roku 2050, \u010di dokonca ove\u013ea sk\u00f4r, sn\u00e1\u010f u\u017e do 2030, stihlo?<br>\u2705 Ako firma vyu\u017e\u00edva 6000 po\u010d\u00edta\u010dov a 1000 serverov a t\u00edm \u0161pecialistov na umel\u00fa inteligenciu a strojov\u00e9 u\u010denie.&nbsp;<\/figcaption><\/figure>\n<\/div><\/div>\n\n\n\n<div class=\"wp-block-group spotify-block-group-nvas\"><div class=\"wp-block-group__inner-container is-layout-constrained wp-block-group-is-layout-constrained\">\n<h3 class=\"wp-block-heading\"><strong>Ako sa jadrov\u00e1 elektr\u00e1re\u0148 dop\u013a\u0148a so slne\u010dnou \u010di vodnou?<\/strong><\/h3>\n\n\n\n<figure class=\"wp-block-embed is-type-rich is-provider-spotify wp-block-embed-spotify\"><div class=\"wp-block-embed__wrapper\">\n<iframe title=\"Spotify Embed: Ako sa jadrov\u00e1 elektr\u00e1re\u0148 dop\u013a\u0148a so slne\u010dnou \u010di vodnou?\" style=\"border-radius: 12px\" width=\"100%\" height=\"152\" frameborder=\"0\" allowfullscreen allow=\"autoplay; clipboard-write; encrypted-media; fullscreen; picture-in-picture\" loading=\"lazy\" src=\"https:\/\/open.spotify.com\/embed\/episode\/0GgG2rui6Bl76JBfBEd3rH?utm_source=oembed\"><\/iframe>\n<\/div><figcaption class=\"wp-element-caption\">Nem\u00e1me u\u017e jadra na Slovensku dos\u0165? Ak\u00e9 n\u00e1ro\u010dn\u00e9 je postavi\u0165 jadrov\u00fa elektr\u00e1re\u0148 a komu vlastne vyroben\u00fa elektrinu z nich pred\u00e1vame?<br><br>Ak v\u00e1s zauj\u00edmaj\u00fa odpovede na tieto ot\u00e1zky, vypo\u010dujte si dne\u0161n\u00e9 vydanie s <strong>Michalom Sek\u00e1\u010dom, mana\u017e\u00e9rom rozvoja v spolo\u010dnosti Slovensk\u00e9 elektr\u00e1rne<\/strong>. A ak si mysl\u00edte, \u017ee najv\u00fdkonnej\u0161ou vodnou elektr\u00e1r\u0148ou u n\u00e1s je Gab\u010d\u00edkovo, tak aj v tomto smere v\u00e1s dnes vyvedieme z omylu.<\/figcaption><\/figure>\n<\/div><\/div>\n\n\n\n<div class=\"wp-block-group spotify-block-group-nvas\"><div class=\"wp-block-group__inner-container is-layout-constrained wp-block-group-is-layout-constrained\">\n<h3 class=\"wp-block-heading\"><strong>Eustream: Hydrogen Pipeline Highway<\/strong><\/h3>\n\n\n\n<figure class=\"wp-block-embed is-type-rich is-provider-spotify wp-block-embed-spotify\"><div class=\"wp-block-embed__wrapper\">\n<iframe title=\"Spotify Embed: Eustream: Vod\u00edkov\u00e1 potrubn\u00e1 dia\u013enica\" style=\"border-radius: 12px\" width=\"100%\" height=\"152\" frameborder=\"0\" allowfullscreen allow=\"autoplay; clipboard-write; encrypted-media; fullscreen; picture-in-picture\" loading=\"lazy\" src=\"https:\/\/open.spotify.com\/embed\/episode\/2Y0vIvgHkhhZKrospVi5lI?si=81580911d3344f75&amp;utm_source=oembed\"><\/iframe>\n<\/div><figcaption class=\"wp-element-caption\">Slovensko bolo po desa\u0165ro\u010dia vn\u00edman\u00e9 ako v\u00fdznamn\u00e1 tranzitn\u00e1 krajina zemn\u00e9ho plynu z Ruska do Eur\u00f3py. To je u\u017e zrejme minulos\u0165ou, aspo\u0148 na teraz to tak vyzer\u00e1. Prame\u0148 zemn\u00e9ho plynu vyschol a ot\u00e1zka znie, \u010do s t\u00fdm mieni podnikn\u00fa\u0165 prev\u00e1dzkovate\u013e prepravn\u00e9ho potrubia zemn\u00e9ho plynu spolo\u010dnos\u0165 eustream? Ako a&nbsp;\u010d\u00edm znovu naplni\u0165 polopr\u00e1zdne potrubia a&nbsp;pri tom podpori\u0165 rast n\u00edzkouhl\u00edkov\u00e9ho hospod\u00e1rstva?<br><br><strong>Gener\u00e1lny riadite\u013e eustream, Rastislav \u0147ukovi\u010d<\/strong>, n\u00e1m v tejto epiz\u00f3de odpovedal na ot\u00e1zky:<br><br>\u2705 Existuj\u00fa alternat\u00edvy, ako op\u00e4\u0165 naplno vyu\u017ei\u0165 cenn\u00fa potrubn\u00fa infra\u0161trukt\u00faru?<br>\u2705 \u010co je to vlastne prepravn\u00e9 potrubie? Ak\u00fd je rozdiel medzi prepravou a distrib\u00faciou.<br>\u2705 Pre\u010do je v\u00fdhodn\u00e9 vod\u00edk prepravova\u0165 potrub\u00edm?<br>\u2705 Bude najm\u00e4 prepravovan\u00fd \u010dist\u00fd vod\u00edk alebo zmie\u0161an\u00fd so zemn\u00fdm plynom? Je t\u00e1to preprava bezpe\u010dn\u00e1?<br>\u2705 Kedy by mohol naprie\u010d Slovenskom pr\u00fadi\u0165 \u010dist\u00fd vod\u00edk?&nbsp;<br>\u2705 H2 chrbtica d\u00e1 SR predpoklady nov\u00fdch invest\u00edci\u00ed spojen\u00fdch s rozvojom \u010dist\u00e9ho priemyslu. Kto s\u00fa potenci\u00e1lni odberatelia vod\u00edka?<br>\u2705 Ak\u00e9 s\u00fa pl\u00e1ny eustream a ako zapadaj\u00fa do eur\u00f3pskeho kontextu? (European Hydrogen Backbone)<\/figcaption><\/figure>\n<\/div><\/div>\n\n\n\n<div class=\"wp-block-group spotify-block-group-nvas\"><div class=\"wp-block-group__inner-container is-layout-constrained wp-block-group-is-layout-constrained\">\n<h3 class=\"wp-block-heading\"><strong>Myths and facts about hydrogen<\/strong><\/h3>\n\n\n\n<figure class=\"wp-block-embed is-type-rich is-provider-spotify wp-block-embed-spotify\"><div class=\"wp-block-embed__wrapper\">\n<iframe title=\"Spotify Embed: M\u00fdty a fakty o vod\u00edku\" style=\"border-radius: 12px\" width=\"100%\" height=\"152\" frameborder=\"0\" allowfullscreen allow=\"autoplay; clipboard-write; encrypted-media; fullscreen; picture-in-picture\" loading=\"lazy\" src=\"https:\/\/open.spotify.com\/embed\/episode\/1YRImzmhjYHanccTKW7JWI?si=72c70748c0664527&amp;nd=1&amp;dlsi=987597b303674f94&amp;utm_source=oembed\"><\/iframe>\n<\/div><figcaption class=\"wp-element-caption\">Vedeli ste, \u017ee vod\u00edk na Slovensku vyr\u00e1bame viac ne\u017e 50 rokov? S <strong>Petrom Hegedu\u0161om <\/strong>z <strong>NVAS<\/strong> sme sa rozpr\u00e1vali o dopravn\u00fdch prostriedkoch na vod\u00edkov\u00fd pohon, elektrol\u00fdze vody aj o tom, \u010di je v\u00fdroba vod\u00edka drah\u00e1 a jeho ukladanie nebezpe\u010dn\u00e9. V podcaste sa dozviete odpovede na ot\u00e1zky:<br>&nbsp;<br>\u2705 Vieme si dnes k\u00fapi\u0165 elektrolyz\u00e9r na v\u00fdrobu vod\u00edka?<br>\u2705 Ko\u013eko je u n\u00e1s na Slovensku elektrolyz\u00e9rov?<br>\u2705 Vieme si na google map\u00e1ch n\u00e1js\u0165 vod\u00edkov\u00e9 \u010derpacie stanice?<br>\u2705 Ak\u00fd typ vod\u00edkov\u00e9ho vozidla jazd\u00ed dnes naj\u010dastej\u0161ie po Eur\u00f3pe?<br>\u2705 Je vod\u00edk nebezpe\u010dn\u00fd?<br>\u2705 Ako je to so skladovan\u00edm vod\u00edka?<br>\u2705 Je vod\u00edk vysoko emisn\u00fd?<\/figcaption><\/figure>\n<\/div><\/div>\n\n\n\n<div class=\"wp-block-group spotify-block-group-nvas\"><div class=\"wp-block-group__inner-container is-layout-constrained wp-block-group-is-layout-constrained\">\n<h3 class=\"wp-block-heading\"><strong>Maj\u00fa zmysel balk\u00f3nov\u00e9 sol\u00e1rne \u010di vetern\u00e9 elektr\u00e1rne?<\/strong><\/h3>\n\n\n\n<figure class=\"wp-block-embed is-type-rich is-provider-spotify wp-block-embed-spotify\"><div class=\"wp-block-embed__wrapper\">\n<iframe title=\"Spotify Embed: Maj\u00fa zmysel balk\u00f3nov\u00e9 sol\u00e1rne \u010di vetern\u00e9 elektr\u00e1rne?\" style=\"border-radius: 12px\" width=\"100%\" height=\"152\" frameborder=\"0\" allowfullscreen allow=\"autoplay; clipboard-write; encrypted-media; fullscreen; picture-in-picture\" loading=\"lazy\" src=\"https:\/\/open.spotify.com\/embed\/episode\/109eCVePcHntpRsXvv2yt0?utm_source=oembed\"><\/iframe>\n<\/div><figcaption class=\"wp-element-caption\">Na eur\u00f3pskom trhu sa objavili mal\u00e9 fotovoltick\u00e9 sety, ktor\u00e9 si m\u00f4\u017eu \u013eudia namontova\u0165 na balk\u00f3nov\u00e9 z\u00e1bradlie a k\u00e1bel z druh\u00e9ho konca str\u010di\u0165 do elektrickej z\u00e1suvky v byte. S <strong>J\u00e1nom Karabom <\/strong>zo <strong>SAPI<\/strong> v\u00e1m vysvetl\u00edme, \u010di to m\u00e1 v\u00f4bec zmysel. Pozrieme sa aj na efektivitu mal\u00fdch vetern\u00fdch elektr\u00e1rn\u00ed.<\/figcaption><\/figure>\n<\/div><\/div>\n\n\n\n<div class=\"wp-block-group spotify-block-group-nvas\"><div class=\"wp-block-group__inner-container is-layout-constrained wp-block-group-is-layout-constrained\">\n<h3 class=\"wp-block-heading\"><strong>Nie s\u00fa obnovite\u013en\u00e9 zdroje energie len oby\u010dajn\u00fd greenwashing?<\/strong><\/h3>\n\n\n\n<figure class=\"wp-block-embed is-type-rich is-provider-spotify wp-block-embed-spotify\"><div class=\"wp-block-embed__wrapper\">\n<iframe title=\"Spotify Embed: Nie s\u00fa obnovite\u013en\u00e9 zdroje energie len oby\u010dajn\u00fd greenwashing?\" style=\"border-radius: 12px\" width=\"100%\" height=\"152\" frameborder=\"0\" allowfullscreen allow=\"autoplay; clipboard-write; encrypted-media; fullscreen; picture-in-picture\" loading=\"lazy\" src=\"https:\/\/open.spotify.com\/embed\/episode\/64u26cNO5l5ncQ3D97XUKV?utm_source=oembed\"><\/iframe>\n<\/div><figcaption class=\"wp-element-caption\">S <strong>J\u00e1nom Karabom<\/strong> zo <strong>SAPI<\/strong> sa tentoraz z v\u00fd\u0161ky pozrieme na obnovite\u013en\u00e9 zdroje energie u n\u00e1s. M\u00e1me tu e\u0161te sol\u00e1rnych bar\u00f3nov? A s\u00fa v\u00f4bec tieto alternat\u00edvne elektr\u00e1rne ekonomicky n\u00e1vratn\u00e9?<\/figcaption><\/figure>\n<\/div><\/div>\n\n\n\n<div class=\"wp-block-group spotify-block-group-nvas\"><div class=\"wp-block-group__inner-container is-layout-constrained wp-block-group-is-layout-constrained\">\n<h3 class=\"wp-block-heading spotify-heading\"><strong>Why Hydrogen?<\/strong><\/h3>\n\n\n\n<figure class=\"wp-block-embed is-type-rich is-provider-spotify wp-block-embed-spotify\"><div class=\"wp-block-embed__wrapper\">\n<iframe title=\"Spotify Embed: Pre\u010do vod\u00edk?\" style=\"border-radius: 12px\" width=\"100%\" height=\"152\" frameborder=\"0\" allowfullscreen allow=\"autoplay; clipboard-write; encrypted-media; fullscreen; picture-in-picture\" loading=\"lazy\" src=\"https:\/\/open.spotify.com\/embed\/episode\/6dPjGsbTxUompQduWQrxU7?utm_source=oembed\"><\/iframe>\n<\/div><figcaption class=\"wp-element-caption\">S <strong>J\u00e1nom Weitersch\u00fctzom <\/strong>a<strong> Petrom Hegedu\u0161om<\/strong> z <strong>NVAS<\/strong> dnes otvor\u00edme kapitolu s n\u00e1zvom vod\u00edk. Ten je v\u00fdznamnou alternat\u00edvou pre ukladanie, prenos a vyu\u017e\u00edvanie energie z\u00edskanej obnovite\u013en\u00fdmi a n\u00edzkouhl\u00edkov\u00fdmi zdrojmi.<\/figcaption><\/figure>\n<\/div><\/div>\n\n\n\n<p><\/p>","protected":false},"excerpt":{"rendered":"<p>Podcast Energia zajtraj\u0161ka je n\u00e1\u0161 nov\u00fd podcast, ktor\u00fd spolu so SAPI budeme vyd\u00e1va\u0165 ka\u017ed\u00e9 2 t\u00fd\u017edne.<\/p>\n<p>V podcaste Energia zajtraj\u0161ka sa ponor\u00edme do dynamick\u00e9ho sveta vod\u00edka a obnovite\u013enej energie. Budeme sk\u00fama\u0165 k\u013e\u00fa\u010dov\u00fa \u00falohu vod\u00edka v na\u0161om energetickom syst\u00e9me, najm\u00e4 tam, kde priama elektrifik\u00e1cia nie je dosta\u010duj\u00faca. Popri tom sa zameriavame na vyu\u017e\u00edvanie obnovite\u013en\u00fdch zdrojov energie na Slovensku vr\u00e1tane vodn\u00fdch tokov, slne\u010dnej energie, vetra, biomasy a geoterm\u00e1lnych vrtov.<\/p>\n<p>Join us as we uncover the complexities and innovations in the energy sector that pave the way toward a sustainable future.<\/p>","protected":false},"author":8,"featured_media":11175,"parent":0,"menu_order":0,"comment_status":"closed","ping_status":"closed","template":"","meta":{"_EventAllDay":false,"_EventTimezone":"","_EventStartDate":"","_EventEndDate":"","_EventStartDateUTC":"","_EventEndDateUTC":"","_EventShowMap":false,"_EventShowMapLink":false,"_EventURL":"","_EventCost":"","_EventCostDescription":"","_EventCurrencySymbol":"","_EventCurrencyCode":"","_EventCurrencyPosition":"","_EventDateTimeSeparator":"","_EventTimeRangeSeparator":"","_EventOrganizerID":[],"_EventVenueID":[],"_OrganizerEmail":"","_OrganizerPhone":"","_OrganizerWebsite":"","_VenueAddress":"","_VenueCity":"","_VenueCountry":"","_VenueProvince":"","_VenueState":"","_VenueZip":"","_VenuePhone":"","_VenueURL":"","_VenueStateProvince":"","_VenueLat":"","_VenueLng":"","_VenueShowMap":false,"_VenueShowMapLink":false,"footnotes":""},"wf_page_folders":[],"class_list":["post-10808","page","type-page","status-publish","has-post-thumbnail","hentry"],"_links":{"self":[{"href":"https:\/\/nvas.sk\/en\/wp-json\/wp\/v2\/pages\/10808","targetHints":{"allow":["GET"]}}],"collection":[{"href":"https:\/\/nvas.sk\/en\/wp-json\/wp\/v2\/pages"}],"about":[{"href":"https:\/\/nvas.sk\/en\/wp-json\/wp\/v2\/types\/page"}],"author":[{"embeddable":true,"href":"https:\/\/nvas.sk\/en\/wp-json\/wp\/v2\/users\/8"}],"replies":[{"embeddable":true,"href":"https:\/\/nvas.sk\/en\/wp-json\/wp\/v2\/comments?post=10808"}],"version-history":[{"count":5,"href":"https:\/\/nvas.sk\/en\/wp-json\/wp\/v2\/pages\/10808\/revisions"}],"predecessor-version":[{"id":13308,"href":"https:\/\/nvas.sk\/en\/wp-json\/wp\/v2\/pages\/10808\/revisions\/13308"}],"wp:featuredmedia":[{"embeddable":true,"href":"https:\/\/nvas.sk\/en\/wp-json\/wp\/v2\/media\/11175"}],"wp:attachment":[{"href":"https:\/\/nvas.sk\/en\/wp-json\/wp\/v2\/media?parent=10808"}],"wp:term":[{"taxonomy":"wf_page_folders","embeddable":true,"href":"https:\/\/nvas.sk\/en\/wp-json\/wp\/v2\/wf_page_folders?post=10808"}],"curies":[{"name":"wp","href":"https:\/\/api.w.org\/{rel}","templated":true}]}}